
     {"id":68959,"date":"2021-09-28T14:12:25","date_gmt":"2021-09-28T12:12:25","guid":{"rendered":"https:\/\/elisvillamartin.com\/?page_id=68959"},"modified":"2025-07-09T09:32:11","modified_gmt":"2025-07-09T07:32:11","slug":"puertas-abiertas-y-visitas","status":"publish","type":"page","link":"https:\/\/elisvillamartin.com\/es\/puertas-abiertas-y-visitas\/","title":{"rendered":"Visitas y Jornadas de Puertas Abiertas"},"content":{"rendered":"<div class=\"wpb-content-wrapper\"><p>[vc_row][vc_column]<section  class=\"bg-video-wrap hero section hero--centertext  small-header \" style='background: url(https:\/\/elisvillamartin.com\/wp-content\/uploads\/sites\/109\/2023\/08\/ELIS-Villarmartin-298.jpg) center ;background-size:cover ;'>\n                <div class=\"bg-overlay\" style='background:#000000;opacity:0.4;'><\/div>\n                <div class=\"overlay\" >\n                  <div class=\"container-fluid\">\n                    <div class=\"row\">\n                      <div class=\"col-md-12 col-lg-12\">\n\n                        <div class=\"caption text-start\"><div class=\"component sub-heading\" >\n                              <h1 class=\"display-h1\">Visitas y Jornadas de Puertas Abiertas<\/h1>\n                            <\/div><\/div>\n                      <\/div>\n                    <\/div>\n                  <\/div>\n                <\/div>\n              <\/section><div class='row  m-x-0 breadcrumb-wrap ' style=''><div class='container-fluid' >\n                <nav aria-label='breadcrumb'><ol class=\"breadcrumb mt-3\">\n                  <li class=\"breadcrumb-item\"><a href=\"https:\/\/elisvillamartin.com\/es\/\">Home<\/a><\/li>\n                  <li class=\"breadcrumb-item active\" aria-current=\"page\">Visitas y Jornadas de Puertas Abiertas<\/li>\n                <\/ol>\n              <\/nav>\n              <\/div>\n            <\/div>[\/vc_column][\/vc_row][vc_row][vc_column]\n    <section  style='background-image: url(https:\/\/elisvillamartin.com\/wp-content\/uploads\/sites\/109\/2023\/08\/white-background.png);' class=\"section      no-padding-list section--withBG \" ><div class=\"bg-overlay\" ><\/div><div class=\"container-fluid\"><div class=\"row  justify-content-between  \"><div class=\" col-lg-6 col-md-6      \" ><div class=\"component mb-1 mt-0  radius-bottom-LR \" style='px'><div class=\"sub-heading component\"><h2  class=\"h5  \">Explora las ventajas de una educaci\u00f3n en ELIS Villamart\u00edn<\/h2><\/div>\n                        <div class=\"sub-heading component \">\n                        <p class=\"body-medium\">Ofrecemos diversas formas de conocer nuestro colegio, desde nuestras bien acogidas Jornadas de Puertas Abiertas hasta visitas privadas o incluso virtuales.<br \/>\n<br \/>\nEntrar a formar parte de ELIS Villamart\u00edn implica unirse a una comunidad de aprendizaje solidaria que fomenta el crecimiento de mentes creativas e inquisitivas dentro de una cultura que combina apoyo y desaf\u00edo.<br \/>\n<br \/>\nCon el respaldo de excelentes profesores e instalaciones, nuestro plan de estudios enriquecido y una tecnolog\u00eda educativa de vanguardia gu\u00edan a vuestros hijos hacia el desarrollo de todo su potencial y los preparan para estar a la altura de un mundo actual que cambia constantemente sus demandas.<\/p>\n                        <\/div><\/div><\/div>\n                    <div class=\"col-lg-5 col-md-6    \"><div class=\"component single-img \"><div class=\"ratio ratio-4x3 callout-img halfcol--img image_overlay_1072\" style=\"background-image: url(https:\/\/elisvillamartin.com\/wp-content\/uploads\/sites\/109\/2023\/08\/ELIS-Villarmartin-285.jpg);\"><\/div><\/div> <\/div>\n             <\/div>\n        <\/div>\n<\/section>[\/vc_column][\/vc_row][vc_row][vc_column]<section  class=\"section callout-img full--img  has-bg-image   \" style=\"background-image: url('https:\/\/elisvillamartin.com\/wp-content\/uploads\/sites\/109\/2023\/08\/ELIS-Villarmartin-254.jpg'); background-size: cover;\"><div class=\"img-overlay overlay5574\"><\/div><div class=\"container-fluid\">\n                                <div class=\"row \"><style>\n                @media (max-width: 767px) {\n                    .img_overlay_uniq5502 {\n                        width: 90%;\n                    }\n                }\n                <\/style><div class=\"col-lg-12 col-md-12\">\n                                    <div class=\"heading component\">\n                                    <div class=\"\" >\n                                    <div class=\"img-overlay-middle img_overlay_uniq5502\" style=\" \">\n                                    <div><style>\n                                            .callout-img blockquote::before {\n                                                content: open-quote;\n                                            }\n                                            .callout-img blockquote::after {\n                                                content: close-quote;\n                                            }\n                                            <\/style><div class=\"heading component\">\n                                                    <blockquote class=\"h5\">La jornada de puertas abiertas en ELIS Villamart\u00edn super\u00f3 nuestras expectativas. Durante el recorrido guiado, pudimos observar el trabajo de profesores comprometidos y sumergirnos en un entorno din\u00e1mico en el aula. Nos transmiti\u00f3 confianza en que nuestro hijo progresar\u00e1 y lograr\u00e1 grandes cosas en este colegio.<\/blockquote>\n                                                <\/div><div class=\"heading component\">\n                                                                        <p class=\"body-large\">&#8211; Padre tras una visita<\/p>\n                                                                    <\/div><div class=\"component link cust-link\"><\/div><\/div>\n                                                    <\/div>\n                                                <\/div>\n                                            <\/div>\n                                        \n                                        <\/div>\n                                    <\/div>\n                                <\/div>\n                            <\/section>[\/vc_column][\/vc_row][vc_row][vc_column]\n    <section  id=\"puertas-abiertas\"  style='' class=\"section      no-padding-list  \" ><div class=\"container-fluid\"><div class=\"row    \"><div class=\" col-lg-6 col-md-6    order-2 order-md-1   \" ><div class=\"component link\"><div class=\"ratio ratio-16x9 callout-img halfcol--img image_overlay_6550\" style=\"background-image: url(https:\/\/elisvillamartin.com\/wp-content\/uploads\/sites\/109\/2023\/08\/ELIS-Villarmartin-176.jpg);\"><\/div><\/div><div class=\"component link\"><div class=\"ratio ratio-16x9 callout-img halfcol--img image_overlay_8191\" style=\"background-image: url(https:\/\/elisvillamartin.com\/wp-content\/uploads\/sites\/109\/2023\/08\/ELIS-Villarmartin-097.jpg);\"><\/div><\/div><\/div>\n                    <div class=\"col-lg-6 col-md-6  order-1 order-md-2   \"><div class=\"component mb-1 mt-0  radius-bottom-LR \" style='px'><div class=\"sub-heading component\"><h2  class=\"h5  \">Te invitamos a una Jornada de Puertas Abiertas<\/h2><\/div>\n                        <div class=\"sub-heading component \">\n                        <p class=\"body-medium\">Nuestras Jornadas de Puertas Abiertas te brindan una magn\u00edfica oportunidad de embarcarte en una visita guiada completa por nuestro campus.<br \/>\n<br \/>\nDurante tu visita, podr\u00e1s conocer a nuestros profesores, ver a los alumnos en acci\u00f3n en las aulas, en las pistas deportivas o en los laboratorios de ciencias, y plantear cualquier pregunta que te ayude a conocernos mejor.<\/p>\n                        <\/div><\/div><div class=\"component hash-list \" >\n                            <h5 class=\"h8\">Jornadas de Puertas Abiertas de 2025-2026 (a las 9.30 am):<\/h5>\n                  <ul class=\"small-items pt-4\" ><li><p class=\"body-medium\">Lunes 27 de octubre de 2025<\/p><\/li><li><p class=\"body-medium\">Lunes 1 de diciembre de 2025<\/p><\/li><li><p class=\"body-medium\">S\u00e1bado 17 de enero de 2026<\/p><\/li><li><p class=\"body-medium\">Lunes 16 de febrero de 2026<\/p><\/li><li><p class=\"body-medium\">Lunes 16 de marzo de 2026<\/p><\/li><li><p class=\"body-medium\">Lunes 11 de mayo de 2026<\/p><\/li><li><p class=\"body-medium\">Lunes 8 de junio de 2026<\/p><\/li>   <\/ul>\n                        <\/div><div class=\"component link\"><a href=\"\/es\/reservar-una-jornada-de-puertas-abiertas\/\" class=\" btn btn-primary\">Ven a una Jornada de Puertas Abiertas<\/a><\/div> <\/div>\n             <\/div>\n        <\/div>\n<\/section>[\/vc_column][\/vc_row][vc_row][vc_column]<section  class=\"section    gradient1   \" style=''><div class=\"container-fluid \" ><style>\r\n            .tech-grid-title h2 a {\r\n                font-size: 25px;\r\n                line-height: 45px;\r\n            }\r\n            .tech-grid-title h2 {\r\n                font-size: 25px;\r\n                line-height: 45px;\r\n            }\r\n            <\/style><div class=\"row m-0 align-items-center centerText\">\r\n                            <div class=\"col-sm-12 col-md-12 col-lg-12 mx-auto\"><div class=\"sub-heading component\">\r\n                                    <div class=\"h4\">Durante tu visita, puedes esperar:<\/div>\r\n                                <\/div><\/div>\r\n                        <\/div><div class=\"row m-0 justify-content-center pt-3 pt-md-5\"><div class=\"col-lg-6 col-md-6 col-sm-6 mb-3\">\r\n                            <div class=\"card card--white tech-images\">   <div class=\"ratio ratio-16x9 callout-img halfcol--img \" style=\"background-image: url(https:\/\/elisvillamartin.com\/wp-content\/uploads\/sites\/109\/2023\/08\/ELIS-Villarmartin-270.jpg);background-position:;\"><\/div><div class=\"  card-body tech-grid-title\"><h6>Conocer a nuestro equipo directivo<\/h6><div class=\"component  mt-2 mt-md-0\"><p class=\"body-medium\">Familiar\u00edzate con la vida en ELIS Villamart\u00edn mientras nuestro Equipo Directivo te presenta nuestra misi\u00f3n y objetivos educativos.<\/p><\/div><\/div>\r\n                            <\/div>\r\n                        <\/div><div class=\"col-lg-6 col-md-6 col-sm-6 mb-3\">\r\n                            <div class=\"card card--white tech-images\">   <div class=\"ratio ratio-16x9 callout-img halfcol--img \" style=\"background-image: url(https:\/\/elisvillamartin.com\/wp-content\/uploads\/sites\/109\/2023\/08\/ELIS-Villarmartin-146.jpg);background-position:;\"><\/div><div class=\"  card-body tech-grid-title\"><h6>Aprender m\u00e1s sobre nosotros<\/h6><div class=\"component  mt-2 mt-md-0\"><p class=\"body-medium\">Asiste a una presentaci\u00f3n que destaca las caracter\u00edsticas clave de nuestro plan de estudios, enfoque educativo, y lo que ELIS Villamart\u00edn puede ofrecer a tu hijo.<\/p><\/div><\/div>\r\n                            <\/div>\r\n                        <\/div><div class=\"col-lg-6 col-md-6 col-sm-6 mb-3\">\r\n                            <div class=\"card card--white tech-images\">   <div class=\"ratio ratio-16x9 callout-img halfcol--img \" style=\"background-image: url(https:\/\/elisvillamartin.com\/wp-content\/uploads\/sites\/109\/2023\/08\/ELIS-Villarmartin-296.jpg);background-position:;\"><\/div><div class=\"  card-body tech-grid-title\"><h6>Experimentar la vida en ELIS Villamart\u00edn de primera mano<\/h6><div class=\"component  mt-2 mt-md-0\"><p class=\"body-medium\">Realiza una visita guiada por nuestro colegio para conocer c\u00f3mo nuestras instalaciones mejoran la experiencia de aprendizaje de los alumnos y ofrecen una amplia gama de actividades extraescolares para todas las edades.<\/p><\/div><\/div>\r\n                            <\/div>\r\n                        <\/div><div class=\"col-lg-6 col-md-6 col-sm-6 mb-3\">\r\n                            <div class=\"card card--white tech-images\">   <div class=\"ratio ratio-16x9 callout-img halfcol--img \" style=\"background-image: url(https:\/\/elisvillamartin.com\/wp-content\/uploads\/sites\/109\/2023\/08\/ELIS-Villarmartin-169.jpg);background-position:;\"><\/div><div class=\"  card-body tech-grid-title\"><h6>Hacer cualquier pregunta<\/h6><div class=\"component  mt-2 mt-md-0\"><p class=\"body-medium\">Aprovecha al m\u00e1ximo la oportunidad de hablar sobre nuestro proceso de admisi\u00f3n con nuestra Responsable de Admisiones, que estar\u00e1 a tu disposici\u00f3n para resolver cualquier duda que puedas tener.<\/p><\/div><\/div>\r\n                            <\/div>\r\n                        <\/div><\/div><\/div>\r\n            <\/section>[\/vc_column][\/vc_row][vc_row][vc_column]\n            <div class=\"wrapper\">\n    <section  style='' class=\"section    container-width  no-padding-list  \" ><div class=\"container-fluid\"><div class=\"row  justify-content-between  \"><div class=\" col-lg-6 col-md-6      \" ><div class=\"component mb-1 mt-0  radius-bottom-LR \" style='px'><div class=\"sub-heading component\"><h2  class=\"h5  \">Solicita una visita privada adaptada a tus intereses<\/h2><\/div>\n                        <div class=\"sub-heading component \">\n                        <p class=\"body-medium\">Si no puedes asistir a una de nuestras Jornadas de Puertas Abiertas o prefieres una visita m\u00e1s personalizada del colegio, estamos encantados de ofrecerte un tour privado. Nuestra Responsable de Admisiones te guiar\u00e1 a trav\u00e9s de un recorrido completo por el colegio y responder\u00e1 a cualquier pregunta que puedas tener.<br \/>\n<br \/>\nPara programar una visita, rellena el formulario a trav\u00e9s del enlace siguiente e inf\u00f3rmanos de una hora conveniente para tu visita. Nos pondremos en contacto contigo lo antes posible para confirmar los detalles. <\/p>\n                        <\/div><\/div><div class=\"component link\"><a href=\"\/es\/solicita-una-visita-privada\/\" class=\" btn btn-primary\">Solicita una visita privada<\/a><\/div><\/div>\n                    <div class=\"col-lg-5 col-md-6    \"><div class=\"component single-img \"><div class=\"ratio ratio-4x3 callout-img halfcol--img image_overlay_8380\" style=\"background-image: url(https:\/\/elisvillamartin.com\/wp-content\/uploads\/sites\/109\/2023\/08\/ELIS-Villarmartin-047.jpg);\"><\/div><\/div> <\/div>\n             <\/div>\n        <\/div>\n<\/section>\n            <\/div>[\/vc_column][\/vc_row][vc_row][vc_column]<div class=\"wrapper \" ><section  id=\"your-childs-journey\"  class=\"section container-width   section--blue \" style='background-color:#3c5128;'>\n    <div class=\"container-fluid \">\n        <div class=\"row m-0 centerText\">\n            \n<div class=\"col-sm-12 col-md-12 col-lg-10 col-xl-8 mx-auto\">       <div class=\"component\">\n                    <h3 class=\"h5\">Inicia una experiencia de aprendizaje \u00fanica\n                    <\/h3>\n                <\/div>     <\/div><div class=\"col-sm-12 col-md-7 col-lg-6 col-xl-5 mx-auto\">       <div class=\"component mt-3\">\n                    <div class=\"body-large\"><\/p>\n<p style=\"text-align: center\">Descubre el enriquecedor viaje educativo que espera a tu hijo en las diferentes etapas de El Limonar International School Villamart\u00edn.<\/p>\n<p><\/div>\n                <\/div>        <div class=\"component link\"><div class=\"component link\"><a href=\"\/es\/viaje-educativo-del-alumno\/\" class=\" btn btn-primary\">El viaje de tu hijo<\/a><\/div><\/div>\n            <\/div>\n        <\/div>\n    <\/div>\n<\/section><section class=\"section cards--section pt-0 container-width  section--blue \" style='background-color:#3c5128;margin-bottom:80px;'>\n                <div class=\"container-fluid \">\n                    <div class=\"row m-0\"><div class=\"col-sm-12 col-md-6 col-lg-6\">\n                            <div class=\"card horizontal--card horizontal--card-sm img--100 mb-3\">\n                                <div class=\"row m-0 g-0\">                         <div class=\"col-5 col-md-5 col-lg-5\">\n                                    <div class=\"thumbnail_img_overlay_1615\"> <img decoding=\"async\" src=\"https:\/\/elisvillamartin.com\/wp-content\/uploads\/sites\/109\/2023\/08\/ELIS-Villarmartin-001.jpg\" class=\"img-fluid rounded-start\" alt=\"...\"><\/div>\n                                  <\/div>                        <div class=\"col-7 col-md-7 col-lg-7\">\n                                    <div class=\"card-body\">\n                                        <div class=\"component\" data-bs-toggle=\"modal\" data-bs-target=\"#classmodal9027\">\n                                           <a href=\"\" class=\"body-large-bold\">Infantil<\/a>\n                                        <\/div>\n                                        <div class=\"component m-0\"><p class=\"p\">3 - 5 a\u00f1os<\/p><\/div>                              <div class=\"modal-overlay sm--modal link\" data-bs-toggle=\"modal\" data-bs-target=\"#classmodal9027\">\n                                            <button class=\"btn btn-link\" title=\"Student journey popup link\"><i class=\"fa fa-plus\"><\/i><\/button>\n                                        <\/div>                           <\/div>\n                                  <\/div>\n                                <\/div>\n                            <\/div>\n                        <\/div><div class=\"col-sm-12 col-md-6 col-lg-6\">\n                            <div class=\"card horizontal--card horizontal--card-sm img--100 mb-3\">\n                                <div class=\"row m-0 g-0\">                         <div class=\"col-5 col-md-5 col-lg-5\">\n                                    <div class=\"thumbnail_img_overlay_6139\"> <img decoding=\"async\" src=\"https:\/\/elisvillamartin.com\/wp-content\/uploads\/sites\/109\/2023\/08\/ELIS-Villarmartin-270.jpg\" class=\"img-fluid rounded-start\" alt=\"...\"><\/div>\n                                  <\/div>                        <div class=\"col-7 col-md-7 col-lg-7\">\n                                    <div class=\"card-body\">\n                                        <div class=\"component\" data-bs-toggle=\"modal\" data-bs-target=\"#classmodal6092\">\n                                           <a href=\"\" class=\"body-large-bold\">Primaria<\/a>\n                                        <\/div>\n                                        <div class=\"component m-0\"><p class=\"p\">5 - 11 a\u00f1os<\/p><\/div>                              <div class=\"modal-overlay sm--modal link\" data-bs-toggle=\"modal\" data-bs-target=\"#classmodal6092\">\n                                            <button class=\"btn btn-link\" title=\"Student journey popup link\"><i class=\"fa fa-plus\"><\/i><\/button>\n                                        <\/div>                           <\/div>\n                                  <\/div>\n                                <\/div>\n                            <\/div>\n                        <\/div><div class=\"col-sm-12 col-md-6 col-lg-6\">\n                            <div class=\"card horizontal--card horizontal--card-sm img--100 mb-3\">\n                                <div class=\"row m-0 g-0\">                         <div class=\"col-5 col-md-5 col-lg-5\">\n                                    <div class=\"thumbnail_img_overlay_3738\"> <img decoding=\"async\" src=\"https:\/\/elisvillamartin.com\/wp-content\/uploads\/sites\/109\/2023\/08\/ELIS-Villarmartin-179.jpg\" class=\"img-fluid rounded-start\" alt=\"...\"><\/div>\n                                  <\/div>                        <div class=\"col-7 col-md-7 col-lg-7\">\n                                    <div class=\"card-body\">\n                                        <div class=\"component\" data-bs-toggle=\"modal\" data-bs-target=\"#classmodal7463\">\n                                           <a href=\"\" class=\"body-large-bold\">Secundaria<\/a>\n                                        <\/div>\n                                        <div class=\"component m-0\"><p class=\"p\">11 - 16 a\u00f1os<\/p><\/div>                              <div class=\"modal-overlay sm--modal link\" data-bs-toggle=\"modal\" data-bs-target=\"#classmodal7463\">\n                                            <button class=\"btn btn-link\" title=\"Student journey popup link\"><i class=\"fa fa-plus\"><\/i><\/button>\n                                        <\/div>                           <\/div>\n                                  <\/div>\n                                <\/div>\n                            <\/div>\n                        <\/div><div class=\"col-sm-12 col-md-6 col-lg-6\">\n                            <div class=\"card horizontal--card horizontal--card-sm img--100 mb-3\">\n                                <div class=\"row m-0 g-0\">                         <div class=\"col-5 col-md-5 col-lg-5\">\n                                    <div class=\"thumbnail_img_overlay_7157\"> <img decoding=\"async\" src=\"https:\/\/elisvillamartin.com\/wp-content\/uploads\/sites\/109\/2023\/08\/ELIS-Villarmartin-169.jpg\" class=\"img-fluid rounded-start\" alt=\"...\"><\/div>\n                                  <\/div>                        <div class=\"col-7 col-md-7 col-lg-7\">\n                                    <div class=\"card-body\">\n                                        <div class=\"component\" data-bs-toggle=\"modal\" data-bs-target=\"#classmodal4680\">\n                                           <a href=\"\" class=\"body-large-bold\">Bachillerato<\/a>\n                                        <\/div>\n                                        <div class=\"component m-0\"><p class=\"p\">16 - 18 a\u00f1os<\/p><\/div>                              <div class=\"modal-overlay sm--modal link\" data-bs-toggle=\"modal\" data-bs-target=\"#classmodal4680\">\n                                            <button class=\"btn btn-link\" title=\"Student journey popup link\"><i class=\"fa fa-plus\"><\/i><\/button>\n                                        <\/div>                           <\/div>\n                                  <\/div>\n                                <\/div>\n                            <\/div>\n                        <\/div>          <\/div>\n                <\/div>\n            <\/section><\/div><div class=\"modal fade booking-modal extra--padding mob-P-0 show\" id=\"classmodal9027\" data-bs-backdrop=\"static\" data-bs-keyboard=\"false\" tabindex=\"-1\" aria-labelledby=\"staticBackdropLabel\" style=\"display: none;\" aria-modal=\"true\" role=\"dialog\">\n                                    <div class=\"modal-dialog modal-lg\">\n                                    <div class=\"modal-content section--white\">\n                                        <div class=\"modal-body\">\n                                            <button type=\"button\" class=\"btn-close\" data-bs-dismiss=\"modal\" aria-label=\"Close\"><i class=\"fa fa-times\"><\/i><\/button>\n                                            <div class=\"row m-0\">\n                                                <div class=\"col-md-6 col-lg-6 order-2 order-md-1 px-3 px-md-0 pt-4 pt-md-0\">\n                                                    <div class=\"col-md-12 col-lg-12\">\n                                                        <div class=\"component link\"><a href=\"\/es\/infantil\/\" class=\"highlights__link btn btn-link\">Infantil<\/a>                  <\/div>\n                                                        <div class=\"sub-heading component mt-0\">                <p class=\"body-small\">3 - 5 a\u00f1os<\/p>               <\/div>\n                                                    <\/div>           <div class=\"component list p-0\">\n                                                        <ul class=\"\">                       <li>Descubre nuestro curr\u00edculo dise\u00f1ado para ni\u00f1os de 3 a 5 a\u00f1os, que ofrece la base ideal para su itinerario educativo. <\/li>                       <li>Nuestras instalaciones proporcionan un ambiente acogedor, con personal altamente cualificado que garantiza una transici\u00f3n fluida desde la guarder\u00eda al colegio y un aprendizaje integral en siete \u00e1reas esenciales. <\/li>        <\/ul>\n                                                    <\/div>\n                                                    <div class=\"component link pt-3\">           <a class=\"btn btn-primary btn-primary--border\" href=\"\/es\/infantil\/\">Descubre m\u00e1s<\/a>           <\/div>\n                                                <\/div>\n                                                <div class=\"col-md-6 col-lg-6 order-1 order-md-2 p-0 p-md-3\">\n                                                    <div class=\"img-sec\">\n                                                        <div class=\"component\">\n                                                            <div class=\"modal_image_ite6916 callout-img map--img leftBottom-content\" style=\"background-image: url(https:\/\/elisvillamartin.com\/wp-content\/uploads\/sites\/109\/2023\/08\/ELIS-Villarmartin-001.jpg);background-position:center;\">\n                                                            <\/div>\n                                                            <\/div>\n                                                        <\/div>\n                                                        \n                                                    <\/div>\n                                                <\/div>\n                                            <\/div>\n\n                                            \n                                        <\/div>\n                                    <\/div>\n                                    <\/div><div class=\"modal fade booking-modal extra--padding mob-P-0 show\" id=\"classmodal6092\" data-bs-backdrop=\"static\" data-bs-keyboard=\"false\" tabindex=\"-1\" aria-labelledby=\"staticBackdropLabel\" style=\"display: none;\" aria-modal=\"true\" role=\"dialog\">\n                                    <div class=\"modal-dialog modal-lg\">\n                                    <div class=\"modal-content section--white\">\n                                        <div class=\"modal-body\">\n                                            <button type=\"button\" class=\"btn-close\" data-bs-dismiss=\"modal\" aria-label=\"Close\"><i class=\"fa fa-times\"><\/i><\/button>\n                                            <div class=\"row m-0\">\n                                                <div class=\"col-md-6 col-lg-6 order-2 order-md-1 px-3 px-md-0 pt-4 pt-md-0\">\n                                                    <div class=\"col-md-12 col-lg-12\">\n                                                        <div class=\"component link\"><a href=\"\/es\/primaria\/\" class=\"highlights__link btn btn-link\">Primaria<\/a>                  <\/div>\n                                                        <div class=\"sub-heading component mt-0\">                <p class=\"body-small\">5 - 11 a\u00f1os<\/p>               <\/div>\n                                                    <\/div>           <div class=\"component list p-0\">\n                                                        <ul class=\"\">                       <li>Una educaci\u00f3n hol\u00edstica que prepara a los ni\u00f1os de 5 a 11 a\u00f1os para un crecimiento y aprendizaje continuos a lo largo de su vida. <\/li>                       <li>Nuestro curr\u00edculo combina lo mejor de la educaci\u00f3n brit\u00e1nica y espa\u00f1ola, ofreciendo un tercer idioma y un programa de tutor\u00eda individualizada. <\/li>        <\/ul>\n                                                    <\/div>\n                                                    <div class=\"component link pt-3\">           <a class=\"btn btn-primary btn-primary--border\" href=\"\/es\/primaria\/\">Descubre m\u00e1s<\/a>           <\/div>\n                                                <\/div>\n                                                <div class=\"col-md-6 col-lg-6 order-1 order-md-2 p-0 p-md-3\">\n                                                    <div class=\"img-sec\">\n                                                        <div class=\"component\">\n                                                            <div class=\"modal_image_ite4389 callout-img map--img leftBottom-content\" style=\"background-image: url(https:\/\/elisvillamartin.com\/wp-content\/uploads\/sites\/109\/2023\/08\/ELIS-Villarmartin-270.jpg);background-position:center;\">\n                                                            <\/div>\n                                                            <\/div>\n                                                        <\/div>\n                                                        \n                                                    <\/div>\n                                                <\/div>\n                                            <\/div>\n\n                                            \n                                        <\/div>\n                                    <\/div>\n                                    <\/div><div class=\"modal fade booking-modal extra--padding mob-P-0 show\" id=\"classmodal7463\" data-bs-backdrop=\"static\" data-bs-keyboard=\"false\" tabindex=\"-1\" aria-labelledby=\"staticBackdropLabel\" style=\"display: none;\" aria-modal=\"true\" role=\"dialog\">\n                                    <div class=\"modal-dialog modal-lg\">\n                                    <div class=\"modal-content section--white\">\n                                        <div class=\"modal-body\">\n                                            <button type=\"button\" class=\"btn-close\" data-bs-dismiss=\"modal\" aria-label=\"Close\"><i class=\"fa fa-times\"><\/i><\/button>\n                                            <div class=\"row m-0\">\n                                                <div class=\"col-md-6 col-lg-6 order-2 order-md-1 px-3 px-md-0 pt-4 pt-md-0\">\n                                                    <div class=\"col-md-12 col-lg-12\">\n                                                        <div class=\"component link\"><a href=\"\/es\/secundaria\/\" class=\"highlights__link btn btn-link\">Secundaria<\/a>                  <\/div>\n                                                        <div class=\"sub-heading component mt-0\">                <p class=\"body-small\">11 - 16 a\u00f1os<\/p>               <\/div>\n                                                    <\/div>           <div class=\"component list p-0\">\n                                                        <ul class=\"\">                       <li>Nuestro curr\u00edculo de Secundaria prepara a los estudiantes para ex\u00e1menes internacionales externos y rigurosos mejorando sus habilidades en diferentes materias. <\/li>                       <li>Nuestro compromiso con la excelencia se ve reflejado en nuestras instalaciones de primer nivel, que mejoran el aprendizaje y potencian la preparaci\u00f3n de los alumnos para el futuro. <\/li>        <\/ul>\n                                                    <\/div>\n                                                    <div class=\"component link pt-3\">           <a class=\"btn btn-primary btn-primary--border\" href=\"\/es\/secundaria\/\">Descubre m\u00e1s<\/a>           <\/div>\n                                                <\/div>\n                                                <div class=\"col-md-6 col-lg-6 order-1 order-md-2 p-0 p-md-3\">\n                                                    <div class=\"img-sec\">\n                                                        <div class=\"component\">\n                                                            <div class=\"modal_image_ite6463 callout-img map--img leftBottom-content\" style=\"background-image: url(https:\/\/elisvillamartin.com\/wp-content\/uploads\/sites\/109\/2023\/08\/ELIS-Villarmartin-179.jpg);background-position:center;\">\n                                                            <\/div>\n                                                            <\/div>\n                                                        <\/div>\n                                                        \n                                                    <\/div>\n                                                <\/div>\n                                            <\/div>\n\n                                            \n                                        <\/div>\n                                    <\/div>\n                                    <\/div><div class=\"modal fade booking-modal extra--padding mob-P-0 show\" id=\"classmodal4680\" data-bs-backdrop=\"static\" data-bs-keyboard=\"false\" tabindex=\"-1\" aria-labelledby=\"staticBackdropLabel\" style=\"display: none;\" aria-modal=\"true\" role=\"dialog\">\n                                    <div class=\"modal-dialog modal-lg\">\n                                    <div class=\"modal-content section--white\">\n                                        <div class=\"modal-body\">\n                                            <button type=\"button\" class=\"btn-close\" data-bs-dismiss=\"modal\" aria-label=\"Close\"><i class=\"fa fa-times\"><\/i><\/button>\n                                            <div class=\"row m-0\">\n                                                <div class=\"col-md-6 col-lg-6 order-2 order-md-1 px-3 px-md-0 pt-4 pt-md-0\">\n                                                    <div class=\"col-md-12 col-lg-12\">\n                                                        <div class=\"component link\"><a href=\"\/es\/bachillerato\/\" class=\"highlights__link btn btn-link\">Bachillerato<\/a>                  <\/div>\n                                                        <div class=\"sub-heading component mt-0\">                <p class=\"body-small\">16 - 18 a\u00f1os<\/p>               <\/div>\n                                                    <\/div>           <div class=\"component list p-0\">\n                                                        <ul class=\"\">                       <li>ELIS Villamart\u00edn prepara a los estudiantes para acceder a universidades del Reino Unido, Espa\u00f1a o internacionales mediante un programa \u00fanico de orientaci\u00f3n vocacional. <\/li>                       <li>Nuestro Bachillerato combina A-Levels Internacionales y Bachillerato espa\u00f1ol, junto con un apoyo personalizado que incluye tutor\u00edas, intercambios, viajes y programas de preparaci\u00f3n para la universidad. <\/li>        <\/ul>\n                                                    <\/div>\n                                                    <div class=\"component link pt-3\">           <a class=\"btn btn-primary btn-primary--border\" href=\"\/es\/bachillerato\/\">Descubre m\u00e1s<\/a>           <\/div>\n                                                <\/div>\n                                                <div class=\"col-md-6 col-lg-6 order-1 order-md-2 p-0 p-md-3\">\n                                                    <div class=\"img-sec\">\n                                                        <div class=\"component\">\n                                                            <div class=\"modal_image_ite2302 callout-img map--img leftBottom-content\" style=\"background-image: url(https:\/\/elisvillamartin.com\/wp-content\/uploads\/sites\/109\/2023\/08\/ELIS-Villarmartin-169.jpg);background-position:center;\">\n                                                            <\/div>\n                                                            <\/div>\n                                                        <\/div>\n                                                        \n                                                    <\/div>\n                                                <\/div>\n                                            <\/div>\n\n                                            \n                                        <\/div>\n                                    <\/div>\n                                    <\/div>[\/vc_column][\/vc_row][vc_row][vc_column]<section  style='background-color:#f3f4f2;' class=\"section  light-color section--white pb-0  \"><div class=\"container-fluid\"><div class=\"row m-0 align-items-center centerText \" >\n                        <div class=\"col-sm-12 col-md-10 col-lg-9 mx-auto\"><div class=\"sub-heading component\">\n                                        <h2 class=\"h5\">Te puede interesar<\/h2>\n                                    <\/div><div class=\"sub-heading component\"><\/div><style>\n                        .flex-button {\n                        margin-top: 25px;\n                    } \n                        \n                    @media (max-width: 767px){\n                     .flex-button {\n                      display: block;\n                      margin-left: 0;\n                    }\n                    .flex-button .text-center{\n                     text-align: left !important;\n                    }\n                    }\n\n\n                        <\/style><\/div><\/div><\/section><section  class=\"section    pt-0  section--blue\" style='background-color:#f3f4f2;'><div class=\"container-fluid section--blue\" style='background-color:#f3f4f2'><style>\n            .background-box .heading .h5:after {\n                display:none;\n            }\n            <\/style><div class=\"row m-0 justify-content-center pt-3 pt-md-3\"><style>\n                .thumbnail_img_overlay_7212 .callout-img.halfcol--img .img-overlay {\n                    background: rgba(0,0,0,0.5);\n                    \n                }\n\n                .thumbnail_img_overlay_7212 .tech-images .callout-img.halfcol--img {\n                    background: rgba(0,0,0,0.5);\n                    \n                }\n\n                <\/style><style>\n                .thumbnail_img_overlay_7212 .heading .h5 {\n                    background: rgba(106,157,65,0.5);\n                    \n                }\n\n            \n\n                <\/style><style>\n                .thumbnail_img_overlay_7212 .heading .h5 a {\n                    font-size: 25px;\n                    line-height:25px;\n                    \n                }\n\n                .thumbnail_img_overlay_7212 .heading .h5 {\n                    font-size: 25px;\n                    line-height: 25px;\n                    \n                }\n               \n                <\/style><style>\n                .thumbnail_img_overlay_7212 .heading .h5 a {\n                    color: #ffffffpx;\n                    \n                }\n\n                .thumbnail_img_overlay_7212 .heading .h5 {\n                    color: #ffffffpx;\n                    \n                }\n               \n                <\/style><div class=\"col-lg-3 col-md-3 col-sm-3 mb-3 pb-2\">\n                            <div class=\"card card--white tech-images next-steps-module  thumbnail_img_overlay_7212\">   <a class=\"\" href = \"\/es\/excelencia-academica\/\" ><div class=\"ratio ratio-21x9 callout-img halfcol--img leftBottom-content\" style=\"background-image: url(https:\/\/elisvillamartin.com\/wp-content\/uploads\/sites\/109\/2023\/08\/ELIS-Villarmartin-182.jpg);background-position:center;\">\n                                 \n                                 <div class=\"img-overlay \">\n                                 \n                                     <div class=\"heading component\">\n                                         <h5 class=\"h5\" >Excelencia Acad\u00e9mica<\/h5>\n                                     <\/div>\n                                   \n                                \n                             <\/div>\n                                 \n                                 <\/div><\/a>\n                            <\/div>\n                        <\/div><style>\n                .thumbnail_img_overlay_1195 .callout-img.halfcol--img .img-overlay {\n                    background: rgba(0,0,0,0.5);\n                    \n                }\n\n                .thumbnail_img_overlay_1195 .tech-images .callout-img.halfcol--img {\n                    background: rgba(0,0,0,0.5);\n                    \n                }\n\n                <\/style><style>\n                .thumbnail_img_overlay_1195 .heading .h5 {\n                    background: rgba(106,157,65,0.5);\n                    \n                }\n\n            \n\n                <\/style><style>\n                .thumbnail_img_overlay_1195 .heading .h5 a {\n                    font-size: 25px;\n                    line-height:25px;\n                    \n                }\n\n                .thumbnail_img_overlay_1195 .heading .h5 {\n                    font-size: 25px;\n                    line-height: 25px;\n                    \n                }\n               \n                <\/style><style>\n                .thumbnail_img_overlay_1195 .heading .h5 a {\n                    color: #ffffffpx;\n                    \n                }\n\n                .thumbnail_img_overlay_1195 .heading .h5 {\n                    color: #ffffffpx;\n                    \n                }\n               \n                <\/style><div class=\"col-lg-3 col-md-3 col-sm-3 mb-3 pb-2\">\n                            <div class=\"card card--white tech-images next-steps-module  thumbnail_img_overlay_1195\">   <a class=\"\" href = \"\/es\/instalaciones-y-localizacion\" ><div class=\"ratio ratio-21x9 callout-img halfcol--img leftBottom-content\" style=\"background-image: url(https:\/\/elisvillamartin.com\/wp-content\/uploads\/sites\/109\/2023\/08\/ELIS-Villarmartin-299.jpg);background-position:center;\">\n                                 \n                                 <div class=\"img-overlay \">\n                                 \n                                     <div class=\"heading component\">\n                                         <h5 class=\"h5\" >Instalaciones y Localizaci\u00f3n<\/h5>\n                                     <\/div>\n                                   \n                                \n                             <\/div>\n                                 \n                                 <\/div><\/a>\n                            <\/div>\n                        <\/div><style>\n                .thumbnail_img_overlay_9247 .callout-img.halfcol--img .img-overlay {\n                    background: rgba(0,0,0,0.5);\n                    \n                }\n\n                .thumbnail_img_overlay_9247 .tech-images .callout-img.halfcol--img {\n                    background: rgba(0,0,0,0.5);\n                    \n                }\n\n                <\/style><style>\n                .thumbnail_img_overlay_9247 .heading .h5 {\n                    background: rgba(106,157,65,0.5);\n                    \n                }\n\n            \n\n                <\/style><style>\n                .thumbnail_img_overlay_9247 .heading .h5 a {\n                    font-size: 25px;\n                    line-height:25px;\n                    \n                }\n\n                .thumbnail_img_overlay_9247 .heading .h5 {\n                    font-size: 25px;\n                    line-height: 25px;\n                    \n                }\n               \n                <\/style><style>\n                .thumbnail_img_overlay_9247 .heading .h5 a {\n                    color: #ffffffpx;\n                    \n                }\n\n                .thumbnail_img_overlay_9247 .heading .h5 {\n                    color: #ffffffpx;\n                    \n                }\n               \n                <\/style><div class=\"col-lg-3 col-md-3 col-sm-3 mb-3 pb-2\">\n                            <div class=\"card card--white tech-images next-steps-module  thumbnail_img_overlay_9247\">   <a class=\"\" href = \"\/es\/proceso-de-admision\/\" ><div class=\"ratio ratio-21x9 callout-img halfcol--img leftBottom-content\" style=\"background-image: url(https:\/\/elisvillamartin.com\/wp-content\/uploads\/sites\/109\/2023\/08\/ELIS-Villarmartin-165.jpg);background-position:center;\">\n                                 \n                                 <div class=\"img-overlay \">\n                                 \n                                     <div class=\"heading component\">\n                                         <h5 class=\"h5\" >Proceso de Admisi\u00f3n<\/h5>\n                                     <\/div>\n                                   \n                                \n                             <\/div>\n                                 \n                                 <\/div><\/a>\n                            <\/div>\n                        <\/div><style>\n                .thumbnail_img_overlay_9360 .callout-img.halfcol--img .img-overlay {\n                    background: rgba(0,0,0,0.5);\n                    \n                }\n\n                .thumbnail_img_overlay_9360 .tech-images .callout-img.halfcol--img {\n                    background: rgba(0,0,0,0.5);\n                    \n                }\n\n                <\/style><style>\n                .thumbnail_img_overlay_9360 .heading .h5 {\n                    background: rgba(106,157,65,0.5);\n                    \n                }\n\n            \n\n                <\/style><style>\n                .thumbnail_img_overlay_9360 .heading .h5 a {\n                    font-size: 25px;\n                    line-height:25px;\n                    \n                }\n\n                .thumbnail_img_overlay_9360 .heading .h5 {\n                    font-size: 25px;\n                    line-height: 25px;\n                    \n                }\n               \n                <\/style><style>\n                .thumbnail_img_overlay_9360 .heading .h5 a {\n                    color: #ffffffpx;\n                    \n                }\n\n                .thumbnail_img_overlay_9360 .heading .h5 {\n                    color: #ffffffpx;\n                    \n                }\n               \n                <\/style><div class=\"col-lg-3 col-md-3 col-sm-3 mb-3 pb-2\">\n                            <div class=\"card card--white tech-images next-steps-module  thumbnail_img_overlay_9360\">   <a class=\"\" href = \"\/es\/mision-vision-y-valores\/\" ><div class=\"ratio ratio-21x9 callout-img halfcol--img leftBottom-content\" style=\"background-image: url(https:\/\/elisvillamartin.com\/wp-content\/uploads\/sites\/109\/2023\/08\/ELIS-Villarmartin-183.jpg);background-position:center;\">\n                                 \n                                 <div class=\"img-overlay \">\n                                 \n                                     <div class=\"heading component\">\n                                         <h5 class=\"h5\" >Misi\u00f3n, Visi\u00f3n y Valores<\/h5>\n                                     <\/div>\n                                   \n                                \n                             <\/div>\n                                 \n                                 <\/div><\/a>\n                            <\/div>\n                        <\/div><\/div><\/div>\n            <\/section>[\/vc_column][\/vc_row][vc_row css=&#8221;.vc_custom_1694166801591{background-image: url(https:\/\/elisvillamartin.com\/wp-content\/uploads\/sites\/109\/2023\/09\/prospectus-leaf.png?id=69327) !important;background-position: center !important;background-repeat: no-repeat !important;background-size: cover !important;}&#8221;][vc_column]<section  style='' class=\"section   section--white   \"><div class=\"container-fluid\"><div class=\"row m-0 align-items-center centerText \" >\n                        <div class=\"col-sm-12 col-md-10 col-lg-9 mx-auto\"><div class=\"sub-heading component\">\n                                        <h2 class=\"h5\">Descubre m\u00e1s sobre ELIS Villamart\u00edn<\/h2>\n                                    <\/div><div class=\"sub-heading component\"><\/div><div class=\"component link\"><a href=\"\/es\/descarga-nuestro-catalogo\/\" class=\" btn btn-primary\">Solicita nuestro Cat\u00e1logo<\/a><\/div><style>\n                        .flex-button {\n                        margin-top: 25px;\n                    } \n                        \n                    @media (max-width: 767px){\n                     .flex-button {\n                      display: block;\n                      margin-left: 0;\n                    }\n                    .flex-button .text-center{\n                     text-align: left !important;\n                    }\n                    }\n\n\n                        <\/style><\/div><\/div><\/section>[\/vc_column][\/vc_row][vc_row][vc_column]<section class=\"section section--blue bottom-step TopBottomBorder   \" style=\"background-image: url('https:\/\/elisvillamartin.com\/wp-content\/uploads\/sites\/109\/2023\/08\/ELIS-Villarmartin-301.jpg');;background-position-y:75%;;\"><style>.bottom-step.section--blue:before {background: rgba(106,157,65,0.8);}<\/style><div class=\"container-fluid\"><div class=\"row\"><div class=\"col-sm-12\"><div class=\"component title\"><p class=\"body-small\">Ponte en Contacto<\/p><\/div><\/div><\/div><div class=\"row\"><div class=\"col-md-4\"><div class=\"component linkcard \">\n                                <a class=\"card card--bordered\" href=\"\/es\/haz-una-consulta\/\">\n                                    <div class=\"card-body d-flex align-items-center\">\n                                    <div> <div class=\"component link\">\n                                            <div  class=\"btn btn-link simple-link h5\">Haz una Consulta<\/div>\n                                        <\/div><\/div><\/div><\/a><\/div><\/div><div class=\"col-md-4\"><div class=\"component linkcard \">\n                                <a class=\"card card--bordered\" href=\"\/es\/solicita-una-visita-privada\/\">\n                                    <div class=\"card-body d-flex align-items-center\">\n                                    <div> <div class=\"component link\">\n                                            <div  class=\"btn btn-link simple-link h5\">Solicita una visita privada<\/div>\n                                        <\/div><\/div><\/div><\/a><\/div><\/div><div class=\"col-md-4\"><div class=\"component linkcard \">\n                                <a class=\"card card--bordered\" href=\"\/es\/reservar-una-jornada-de-puertas-abiertas\/\">\n                                    <div class=\"card-body d-flex align-items-center\">\n                                    <div> <div class=\"component link\">\n                                            <div  class=\"btn btn-link simple-link h5\">Ven a un D\u00eda de Puertas Abiertas<\/div>\n                                        <\/div><\/div><\/div><\/a><\/div><\/div><\/div><\/section>[\/vc_column][\/vc_row]<\/p>\n<\/div>","protected":false},"excerpt":{"rendered":"<p>[vc_row][vc_column][\/vc_column][\/vc_row][vc_row][vc_column][\/vc_column][\/vc_row][vc_row][vc_column][\/vc_column][\/vc_row][vc_row][vc_column][\/vc_column][\/vc_row][vc_row][vc_column][\/vc_column][\/vc_row][vc_row][vc_column][\/vc_column][\/vc_row][vc_row][vc_column][\/vc_column][\/vc_row][vc_row][vc_column][\/vc_column][\/vc_row][vc_row css=&#8221;.vc_custom_1694166801591{background-image: url(https:\/\/elisvillamartin.com\/wp-content\/uploads\/sites\/109\/2023\/09\/prospectus-leaf.png?id=69327) !important;background-position: center !important;background-repeat: no-repeat !important;background-size: cover !important;}&#8221;][vc_column][\/vc_column][\/vc_row][vc_row][vc_column][\/vc_column][\/vc_row]<\/p>\n","protected":false},"author":390,"featured_media":0,"parent":0,"menu_order":0,"comment_status":"closed","ping_status":"closed","template":"","meta":{"_acf_changed":false,"footnotes":""},"class_list":["post-68959","page","type-page","status-publish","hentry"],"acf":[],"yoast_head":"<!-- This site is optimized with the Yoast SEO plugin v26.5 - https:\/\/yoast.com\/wordpress\/plugins\/seo\/ -->\n<title>Open Days &amp; Visits - ELIS Villamart\u00edn<\/title>\n<meta name=\"description\" content=\"Ofrecemos diversas formas de conocer nuestro colegio, desde nuestras bien acogidas Jornadas de Puertas Abiertas hasta visitas privadas o incluso virtuales.\" \/>\n<meta name=\"robots\" content=\"index, follow, max-snippet:-1, max-image-preview:large, max-video-preview:-1\" \/>\n<link rel=\"canonical\" href=\"https:\/\/elisvillamartin.com\/es\/puertas-abiertas-y-visitas\/\" \/>\n<meta property=\"og:locale\" content=\"es_ES\" \/>\n<meta property=\"og:type\" content=\"article\" \/>\n<meta property=\"og:title\" content=\"Open Days &amp; Visits - ELIS Villamart\u00edn\" \/>\n<meta property=\"og:description\" content=\"Ofrecemos diversas formas de conocer nuestro colegio, desde nuestras bien acogidas Jornadas de Puertas Abiertas hasta visitas privadas o incluso virtuales.\" \/>\n<meta property=\"og:url\" content=\"https:\/\/elisvillamartin.com\/es\/puertas-abiertas-y-visitas\/\" \/>\n<meta property=\"og:site_name\" content=\"El Limonar International School Villamart\u00edn\" \/>\n<meta property=\"article:publisher\" content=\"https:\/\/www.facebook.com\/ElLimonarInternationalSchoolVillamartin\/\" \/>\n<meta property=\"article:modified_time\" content=\"2025-07-09T07:32:11+00:00\" \/>\n<meta property=\"og:image\" content=\"https:\/\/elisvillamartin.com\/wp-content\/uploads\/sites\/109\/2024\/11\/LOGO-ELIS-VILLAMARTIN-COLOR.jpg\" \/>\n\t<meta property=\"og:image:width\" content=\"1240\" \/>\n\t<meta property=\"og:image:height\" content=\"575\" \/>\n\t<meta property=\"og:image:type\" content=\"image\/jpeg\" \/>\n<meta name=\"twitter:card\" content=\"summary_large_image\" \/>\n<meta name=\"twitter:label1\" content=\"Tiempo de lectura\" \/>\n\t<meta name=\"twitter:data1\" content=\"1 minuto\" \/>\n<!-- \/ Yoast SEO plugin. -->","yoast_head_json":{"title":"Open Days & Visits - ELIS Villamart\u00edn","description":"Ofrecemos diversas formas de conocer nuestro colegio, desde nuestras bien acogidas Jornadas de Puertas Abiertas hasta visitas privadas o incluso virtuales.","robots":{"index":"index","follow":"follow","max-snippet":"max-snippet:-1","max-image-preview":"max-image-preview:large","max-video-preview":"max-video-preview:-1"},"canonical":"https:\/\/elisvillamartin.com\/es\/puertas-abiertas-y-visitas\/","og_locale":"es_ES","og_type":"article","og_title":"Open Days & Visits - ELIS Villamart\u00edn","og_description":"Ofrecemos diversas formas de conocer nuestro colegio, desde nuestras bien acogidas Jornadas de Puertas Abiertas hasta visitas privadas o incluso virtuales.","og_url":"https:\/\/elisvillamartin.com\/es\/puertas-abiertas-y-visitas\/","og_site_name":"El Limonar International School Villamart\u00edn","article_publisher":"https:\/\/www.facebook.com\/ElLimonarInternationalSchoolVillamartin\/","article_modified_time":"2025-07-09T07:32:11+00:00","og_image":[{"width":1240,"height":575,"url":"https:\/\/elisvillamartin.com\/wp-content\/uploads\/sites\/109\/2024\/11\/LOGO-ELIS-VILLAMARTIN-COLOR.jpg","type":"image\/jpeg"}],"twitter_card":"summary_large_image","twitter_misc":{"Tiempo de lectura":"1 minuto"},"schema":{"@context":"https:\/\/schema.org","@graph":[{"@type":"WebPage","@id":"https:\/\/elisvillamartin.com\/es\/puertas-abiertas-y-visitas\/","url":"https:\/\/elisvillamartin.com\/es\/puertas-abiertas-y-visitas\/","name":"Open Days & Visits - ELIS Villamart\u00edn","isPartOf":{"@id":"https:\/\/elisvillamartin.com\/es\/#website"},"datePublished":"2021-09-28T12:12:25+00:00","dateModified":"2025-07-09T07:32:11+00:00","description":"Ofrecemos diversas formas de conocer nuestro colegio, desde nuestras bien acogidas Jornadas de Puertas Abiertas hasta visitas privadas o incluso virtuales.","breadcrumb":{"@id":"https:\/\/elisvillamartin.com\/es\/puertas-abiertas-y-visitas\/#breadcrumb"},"inLanguage":"es","potentialAction":[{"@type":"ReadAction","target":["https:\/\/elisvillamartin.com\/es\/puertas-abiertas-y-visitas\/"]}]},{"@type":"BreadcrumbList","@id":"https:\/\/elisvillamartin.com\/es\/puertas-abiertas-y-visitas\/#breadcrumb","itemListElement":[{"@type":"ListItem","position":1,"name":"Home","item":"https:\/\/elisvillamartin.com\/es\/"},{"@type":"ListItem","position":2,"name":"Visitas y Jornadas de Puertas Abiertas"}]},{"@type":"WebSite","@id":"https:\/\/elisvillamartin.com\/es\/#website","url":"https:\/\/elisvillamartin.com\/es\/","name":"El Limonar International School Villamart\u00edn","description":"ELIS Villamart\u00edn is part of the Cognita Schools Group","publisher":{"@id":"https:\/\/elisvillamartin.com\/es\/#organization"},"alternateName":"ELIS Villamartin","potentialAction":[{"@type":"SearchAction","target":{"@type":"EntryPoint","urlTemplate":"https:\/\/elisvillamartin.com\/es\/?s={search_term_string}"},"query-input":{"@type":"PropertyValueSpecification","valueRequired":true,"valueName":"search_term_string"}}],"inLanguage":"es"},{"@type":"Organization","@id":"https:\/\/elisvillamartin.com\/es\/#organization","name":"ELIS Villamart\u00edn","alternateName":"ELIS Villamart\u00edn","url":"https:\/\/elisvillamartin.com\/es\/","logo":{"@type":"ImageObject","inLanguage":"es","@id":"https:\/\/elisvillamartin.com\/es\/#\/schema\/logo\/image\/","url":"https:\/\/elisvillamartin.com\/wp-content\/uploads\/sites\/109\/2024\/11\/LOGO-ELIS-VILLAMARTIN-COLOR.jpg","contentUrl":"https:\/\/elisvillamartin.com\/wp-content\/uploads\/sites\/109\/2024\/11\/LOGO-ELIS-VILLAMARTIN-COLOR.jpg","width":1240,"height":575,"caption":"ELIS Villamart\u00edn"},"image":{"@id":"https:\/\/elisvillamartin.com\/es\/#\/schema\/logo\/image\/"},"sameAs":["https:\/\/www.facebook.com\/ElLimonarInternationalSchoolVillamartin\/","https:\/\/www.instagram.com\/elis.villamartin"]}]}},"jetpack_sharing_enabled":true,"_links":{"self":[{"href":"https:\/\/elisvillamartin.com\/es\/wp-json\/wp\/v2\/pages\/68959","targetHints":{"allow":["GET"]}}],"collection":[{"href":"https:\/\/elisvillamartin.com\/es\/wp-json\/wp\/v2\/pages"}],"about":[{"href":"https:\/\/elisvillamartin.com\/es\/wp-json\/wp\/v2\/types\/page"}],"author":[{"embeddable":true,"href":"https:\/\/elisvillamartin.com\/es\/wp-json\/wp\/v2\/users\/390"}],"replies":[{"embeddable":true,"href":"https:\/\/elisvillamartin.com\/es\/wp-json\/wp\/v2\/comments?post=68959"}],"version-history":[{"count":26,"href":"https:\/\/elisvillamartin.com\/es\/wp-json\/wp\/v2\/pages\/68959\/revisions"}],"predecessor-version":[{"id":73462,"href":"https:\/\/elisvillamartin.com\/es\/wp-json\/wp\/v2\/pages\/68959\/revisions\/73462"}],"wp:attachment":[{"href":"https:\/\/elisvillamartin.com\/es\/wp-json\/wp\/v2\/media?parent=68959"}],"curies":[{"name":"wp","href":"https:\/\/api.w.org\/{rel}","templated":true}]}}