
     {"id":70634,"date":"2023-09-14T09:42:54","date_gmt":"2023-09-14T07:42:54","guid":{"rendered":"https:\/\/elisvillamartin.com\/?page_id=70634"},"modified":"2023-10-23T12:48:39","modified_gmt":"2023-10-23T10:48:39","slug":"daniel-timmins-alumnus-del-primer-trimestre-2018-19","status":"publish","type":"page","link":"https:\/\/elisvillamartin.com\/es\/alumnus-year\/daniel-timmins-alumnus-del-primer-trimestre-2018-19\/","title":{"rendered":"Daniel Timmins, Alumnus del Primer Trimestre 2018-19"},"content":{"rendered":"<div class=\"wpb-content-wrapper\"><p>[vc_row][vc_column]<section  class=\"bg-video-wrap hero section hero--centertext  small-header \" style='background: url(https:\/\/elisvillamartin.com\/wp-content\/uploads\/sites\/109\/2023\/08\/ELIS-Villarmartin-300.jpg) center ;background-size:cover ;'>\n                <div class=\"bg-overlay\" style='background:#000000;opacity:0.4;'><\/div>\n                <div class=\"overlay\" >\n                  <div class=\"container-fluid\">\n                    <div class=\"row\">\n                      <div class=\"col-md-12 col-lg-12\">\n\n                        <div class=\"caption text-start\"><div class=\"component sub-heading\" >\n                              <h1 class=\"display-h1\">Alumnus del Primer Trimestre 2018-19<\/h1>\n                            <\/div><\/div>\n                      <\/div>\n                    <\/div>\n                  <\/div>\n                <\/div>\n              <\/section><div class='row  m-x-0 breadcrumb-wrap ' style=''><div class='container-fluid' >\n                <nav aria-label='breadcrumb'><ol class=\"breadcrumb mt-3\">\n                  <li class=\"breadcrumb-item\"><a href=\"https:\/\/elisvillamartin.com\/es\/\">Home<\/a><\/li>\n                  <li class=\"breadcrumb-item active\" aria-current=\"page\"><a href=\"https:\/\/elisvillamartin.com\/es\/alumnus-year\/\">Alumnus del A\u00f1o<\/a><\/li>\n                  <li class=\"breadcrumb-item active\" aria-current=\"page\">Daniel Timmins, Alumnus del Primer Trimestre 2018-19<\/li>\n                <\/ol>\n              <\/nav>\n              <\/div>\n            <\/div>[\/vc_column][\/vc_row][vc_row][vc_column]\n    <section  style='background-image: url(https:\/\/elisvillamartin.com\/wp-content\/uploads\/sites\/109\/2023\/08\/white-background.png);' class=\"section       section--withBG \" ><div class=\"bg-overlay\" ><\/div><div class=\"container-fluid\"><div class=\"row  justify-content-between  \"><div class=\" col-lg-6 col-md-6      \" ><div class=\"component mb-1 mt-0  radius-bottom-LR \" style='px'><div class=\"sub-heading component\"><h2  class=\"h5  \">Daniel Timmins<\/h2><\/div>\n                        <div class=\"sub-heading component \">\n                        <p class=\"body-medium\">Daniel Timmins naci\u00f3 en Cambridge, Reino Unido, y comenz\u00f3 sus estudios en ELIS Villamart\u00edn en 2004, donde pronto destac\u00f3 por su proactividad, actitud positiva y determinaci\u00f3n. Tras estudiar Literatura espa\u00f1ola, ICT y Educaci\u00f3n F\u00edsica, gradu\u00e1ndose en 2010, comenz\u00f3 su M\u00e1ster en Literatura Latinoamericana y Empresariales en la Universidad de Glasgow, donde obtuvo un 2:1.<br \/>\n<br \/>\nTras comenzar su carrera profesional en Desarrollo de Negocio para Selective Personnel, se mud\u00f3 a Londres para trabajar en Diageo en su Programa de Graduados, trabajando como especialista en Eficacia Organizativa Global. M\u00e1s tarde se mud\u00f3 a Madrid para trabajar como Coordinador de Recursos Humanos para Iberia.<br \/>\n<br \/>\nDaniel ha vuelto actualmente a Londres, donde es socio empresarial de Recursos Humanos para Europa de Diageo, empresa l\u00edder en el sector de las bebidas alcoh\u00f3licas.<\/p>\n                        <\/div><\/div><\/div>\n                    <div class=\"col-lg-5 col-md-6    \"><div class=\"component single-img \"><div class=\"ratio ratio-4x3 callout-img halfcol--img image_overlay_5331\" style=\"background-image: url(https:\/\/elisvillamartin.com\/wp-content\/uploads\/sites\/109\/2023\/09\/daniel-alumni.png);\"><\/div><\/div> <\/div>\n             <\/div>\n        <\/div>\n<\/section>[\/vc_column][\/vc_row][vc_row][vc_column]\n    <section  style='' class=\"section   section--blue   gradient1  \" ><div class=\"container-fluid\"><div class=\"g-0 row    \"><div class=\" col-lg-8 col-md-8      \" ><div class=\"component mb-1 mt-0  radius-bottom-LR \" style='px'><div class=\"sub-heading component\"><h2  class=\"h5  \">Daniel, \u00bfpodr\u00edas contarnos c\u00f3mo surgi\u00f3 irte a Londres?<\/h2><\/div>\n                        <div class=\"sub-heading component \">\n                        <p class=\"body-medium\">Me vine a Londres para unirme al Programa de Graduados de Diageo. Se trataba de una gran oportunidad pues me permiti\u00f3 ganar experiencia rotando en diferentes puestos al comienzo de mi carrera, ya que cada uno de ellos deb\u00eda desempe\u00f1arlo durante s\u00f3lo 12 meses.<\/p>\n                        <\/div><\/div><\/div>\n                    <div class=\"col-lg-4 col-md-4    \"> <\/div>\n             <\/div>\n        <\/div>\n<\/section>[\/vc_column][\/vc_row][vc_row][vc_column]\n    <section  style='background-image: url(https:\/\/elisvillamartin.com\/wp-content\/uploads\/sites\/109\/2023\/08\/white-background.png);' class=\"section       section--withBG \" ><div class=\"bg-overlay\" ><\/div><div class=\"container-fluid\"><div class=\"g-0 row    \"><div class=\" col-lg-8 col-md-8      \" ><div class=\"component mb-1 mt-0  radius-bottom-LR \" style='px'><div class=\"sub-heading component\"><h2  class=\"h5  \">\u00bfY c\u00f3mo es tu trabajo exactamente?\u00bfQu\u00e9 es lo que m\u00e1s te llama la atenci\u00f3n de \u00e9l?<\/h2><\/div>\n                        <div class=\"sub-heading component \">\n                        <p class=\"body-medium\">Siempre he disfrutado trabajando para ayudar a otras personas, as\u00ed que el \u00e1rea de Recursos Humanos era mi destino natural. Actualmente trabajo en RRHH, dando apoyo a las funciones europeas (Finanzas, Marketing, Relaciones Corporativas y Asesor\u00eda Legal), lo que hace que mis d\u00edas siempre sean variados y me mantengan alerta.<br \/>\n<br \/>\nMi puesto de trabajo implica trabajar con responsables de negocio en cuestiones como Talento, Incentivos, Relaciones Laborales, Estructura Organizativa o Aptitud y Cultura Empresarial, y me encanta contribuir a que se den mejoras sustanciales tanto para la empresa como los empleados en multitud de aspectos.<\/p>\n                        <\/div><\/div><\/div>\n                    <div class=\"col-lg-4 col-md-4    \"> <\/div>\n             <\/div>\n        <\/div>\n<\/section>[\/vc_column][\/vc_row][vc_row][vc_column]\n    <section  style='' class=\"section   section--blue   gradient1  \" ><div class=\"container-fluid\"><div class=\"g-0 row    \"><div class=\" col-lg-8 col-md-8      \" ><div class=\"component mb-1 mt-0  radius-bottom-LR \" style='px'><div class=\"sub-heading component\"><h2  class=\"h5  \">\u00bfEn qu\u00e9 medida crees que tu formaci\u00f3n en ELIS ha facilitado tu actual vida profesional?<\/h2><\/div>\n                        <div class=\"sub-heading component \">\n                        <p class=\"body-medium\">Creo que ELIS me ayud\u00f3 de muy diversas formas y as\u00ed lo he percibido a lo largo de mi trayectoria profesional. En primer lugar, haber ido a un colegio tan plural me ha ense\u00f1ado a tratar en multitud de ocasiones con situaciones nuevas y personas diferentes, lo que me ha permitido desarrollar todo mi potencial en mi entorno laboral.<br \/>\n<br \/>\nEn segundo lugar, sumergirte en una cultura distinta siendo muy joven dot\u00f3 a mi personalidad de mayor adaptabilidad y resiliencia, caracter\u00edsticas fundamentales para mi d\u00eda a d\u00eda.<br \/>\n<br \/>\nPor ultimo estoy convencido de que, de no haber recibido una educaci\u00f3n de tan alta calidad, me habr\u00eda resultado imposible alcanzar tan pronto el puesto profesional que disfruto ahora. Y estoy muy agradecido por todo ello.<\/p>\n                        <\/div><\/div><\/div>\n                    <div class=\"col-lg-4 col-md-4    \"> <\/div>\n             <\/div>\n        <\/div>\n<\/section>[\/vc_column][\/vc_row][vc_row][vc_column]\n    <section  style='' class=\"section        \" ><div class=\"container-fluid\"><div class=\"row    \"><div class=\" col-lg-6 col-md-6      \" ><div class=\"component mb-1 mt-0  radius-bottom-LR \" style='px'><div class=\"sub-heading component\"><h2  class=\"h5  \">\u00bfY tu tiempo libre? \u00a1Cu\u00e9ntanos qu\u00e9 te gusta hacer para pasarlo en grande!<\/h2><\/div>\n                        <div class=\"sub-heading component \">\n                        <p class=\"body-medium\">Mi gran pasi\u00f3n es viajar. He visitado 12 pa\u00edses diferentes en los \u00faltimos 3 a\u00f1os y espero ir a todos los lugares que me sea posible.<br \/>\n<br \/>\nEsto ha despertado en m\u00ed un gran inter\u00e9s por la cocina \u00a1 y puedo pasarme horas buscando recetas y haciendo comida suficiente para un regimiento!<\/p>\n                        <\/div><\/div><\/div>\n                    <div class=\"col-lg-6 col-md-6    \"><div class=\"component single-img \"><div class=\"ratio ratio-4x3 callout-img halfcol--img image_overlay_2037\" style=\"background-image: url(https:\/\/elisvillamartin.com\/wp-content\/uploads\/sites\/109\/2023\/09\/Travelling-1.jpeg);\"><\/div><\/div> <\/div>\n             <\/div>\n        <\/div>\n<\/section>[\/vc_column][\/vc_row][vc_row][vc_column]\n    <section  style='' class=\"section   section--blue   gradient1  \" ><div class=\"container-fluid\"><div class=\"g-0 row    \"><div class=\" col-lg-8 col-md-8      \" ><div class=\"component mb-1 mt-0  radius-bottom-LR \" style='px'><div class=\"sub-heading component\"><h2  class=\"h5  \">Para terminar, \u00bfc\u00f3mo te ves dentro de unos a\u00f1os?<\/h2><\/div>\n                        <div class=\"sub-heading component \">\n                        <p class=\"body-medium\">En algunos a\u00f1os me gustar\u00eda seguir trabajando en el \u00e1rea de Recursos Humanos, con suerte en un puesto de direcci\u00f3n y qui\u00e9n sabe si en una nueva empresa, aunque nunca puedes predecir algo as\u00ed.<br \/>\n<br \/>\nPor otro lado, aunque me encanta Londres, me encantar\u00eda vivir en otra ciudad, especialmente en Edimburgo. \u00a1Y por supuesto ni me planteo dejar de disfrutar las vacaciones en Espa\u00f1a a la primera oportunidad y encontrando cualquier excusa para hablar espa\u00f1ol!<\/p>\n                        <\/div><\/div><\/div>\n                    <div class=\"col-lg-4 col-md-4    \"> <\/div>\n             <\/div>\n        <\/div>\n<\/section>[\/vc_column][\/vc_row][vc_row css=&#8221;.vc_custom_1694702386168{margin-top: 5px !important;background-image: url(https:\/\/elisvillamartin.com\/wp-content\/uploads\/sites\/109\/2023\/09\/book-a-visit-banner-v3.png?id=69324) !important;background-position: center !important;background-repeat: no-repeat !important;background-size: cover !important;}&#8221; el_class=&#8221;gradient2&#8243;][vc_column]<section  style='' class=\"section   section--blue   \"><div class=\"container-fluid\"><div class=\"row m-0 align-items-center centerText \" >\n                        <div class=\"col-sm-12 col-md-10 col-lg-9 mx-auto\"><div class=\"sub-heading component\"><div class=\"h2 \">Ven a un Open Day<\/div>\n<p>&nbsp;<\/p>\n<p>Descubre lo que una educaci\u00f3n en ELIS Villamart\u00edn tiene que ofrecer<\/p>\n<\/div><div class=\"component link\"><a href=\"\/es\/reservar-una-jornada-de-puertas-abiertas\/\" class=\" btn btn-primary\">Reserve ahora<\/a><\/div><style>\n                        .flex-button {\n                        margin-top: 25px;\n                    } \n                        \n                    @media (max-width: 767px){\n                     .flex-button {\n                      display: block;\n                      margin-left: 0;\n                    }\n                    .flex-button .text-center{\n                     text-align: left !important;\n                    }\n                    }\n\n\n                        <\/style><\/div><\/div><\/section>[\/vc_column][\/vc_row][vc_row][vc_column]<div class=\"wrapper \" ><section  id=\"your-childs-journey\"  class=\"section container-width   section--blue \" style='background-color:#3c5128;margin-top:80px;'>\n    <div class=\"container-fluid \">\n        <div class=\"row m-0 centerText\">\n            \n<div class=\"col-sm-12 col-md-12 col-lg-10 col-xl-8 mx-auto\">       <div class=\"component\">\n                    <h3 class=\"h5\">Inicia una experiencia de aprendizaje \u00fanica\n                    <\/h3>\n                <\/div>     <\/div><div class=\"col-sm-12 col-md-7 col-lg-6 col-xl-5 mx-auto\">       <div class=\"component mt-3\">\n                    <div class=\"body-large\"><\/p>\n<p style=\"text-align: center;\">Descubre el enriquecedor viaje educativo que espera a tu hijo en las diferentes etapas de El Limonar International School Villamart\u00edn.<\/p>\n<p><\/div>\n                <\/div>        <div class=\"component link\"><div class=\"component link\"><a href=\"\/es\/viaje-educativo-del-alumno\/\" class=\" btn btn-primary\">El viaje de tu hijo<\/a><\/div><\/div>\n            <\/div>\n        <\/div>\n    <\/div>\n<\/section><section class=\"section cards--section pt-0 container-width  section--blue \" style='background-color:#3c5128;margin-bottom:80px;'>\n                <div class=\"container-fluid \">\n                    <div class=\"row m-0\"><div class=\"col-sm-12 col-md-6 col-lg-6\">\n                            <div class=\"card horizontal--card horizontal--card-sm img--100 mb-3\">\n                                <div class=\"row m-0 g-0\">                         <div class=\"col-5 col-md-5 col-lg-5\">\n                                    <div class=\"thumbnail_img_overlay_3512\"> <img decoding=\"async\" src=\"https:\/\/elisvillamartin.com\/wp-content\/uploads\/sites\/109\/2023\/08\/ELIS-Villarmartin-001.jpg\" class=\"img-fluid rounded-start\" alt=\"...\"><\/div>\n                                  <\/div>                        <div class=\"col-7 col-md-7 col-lg-7\">\n                                    <div class=\"card-body\">\n                                        <div class=\"component\" data-bs-toggle=\"modal\" data-bs-target=\"#classmodal7309\">\n                                           <a href=\"\" class=\"body-large-bold\">Infantil<\/a>\n                                        <\/div>\n                                        <div class=\"component m-0\"><p class=\"p\">3 - 5 a\u00f1os<\/p><\/div>                              <div class=\"modal-overlay sm--modal link\" data-bs-toggle=\"modal\" data-bs-target=\"#classmodal7309\">\n                                            <button class=\"btn btn-link\" title=\"Student journey popup link\"><i class=\"fa fa-plus\"><\/i><\/button>\n                                        <\/div>                           <\/div>\n                                  <\/div>\n                                <\/div>\n                            <\/div>\n                        <\/div><div class=\"col-sm-12 col-md-6 col-lg-6\">\n                            <div class=\"card horizontal--card horizontal--card-sm img--100 mb-3\">\n                                <div class=\"row m-0 g-0\">                         <div class=\"col-5 col-md-5 col-lg-5\">\n                                    <div class=\"thumbnail_img_overlay_3233\"> <img decoding=\"async\" src=\"https:\/\/elisvillamartin.com\/wp-content\/uploads\/sites\/109\/2023\/08\/ELIS-Villarmartin-270.jpg\" class=\"img-fluid rounded-start\" alt=\"...\"><\/div>\n                                  <\/div>                        <div class=\"col-7 col-md-7 col-lg-7\">\n                                    <div class=\"card-body\">\n                                        <div class=\"component\" data-bs-toggle=\"modal\" data-bs-target=\"#classmodal8093\">\n                                           <a href=\"\" class=\"body-large-bold\">Primaria<\/a>\n                                        <\/div>\n                                        <div class=\"component m-0\"><p class=\"p\">5 - 11 a\u00f1os<\/p><\/div>                              <div class=\"modal-overlay sm--modal link\" data-bs-toggle=\"modal\" data-bs-target=\"#classmodal8093\">\n                                            <button class=\"btn btn-link\" title=\"Student journey popup link\"><i class=\"fa fa-plus\"><\/i><\/button>\n                                        <\/div>                           <\/div>\n                                  <\/div>\n                                <\/div>\n                            <\/div>\n                        <\/div><div class=\"col-sm-12 col-md-6 col-lg-6\">\n                            <div class=\"card horizontal--card horizontal--card-sm img--100 mb-3\">\n                                <div class=\"row m-0 g-0\">                         <div class=\"col-5 col-md-5 col-lg-5\">\n                                    <div class=\"thumbnail_img_overlay_9281\"> <img decoding=\"async\" src=\"https:\/\/elisvillamartin.com\/wp-content\/uploads\/sites\/109\/2023\/08\/ELIS-Villarmartin-179.jpg\" class=\"img-fluid rounded-start\" alt=\"...\"><\/div>\n                                  <\/div>                        <div class=\"col-7 col-md-7 col-lg-7\">\n                                    <div class=\"card-body\">\n                                        <div class=\"component\" data-bs-toggle=\"modal\" data-bs-target=\"#classmodal6515\">\n                                           <a href=\"\" class=\"body-large-bold\">Secundaria<\/a>\n                                        <\/div>\n                                        <div class=\"component m-0\"><p class=\"p\">11 - 16 a\u00f1os<\/p><\/div>                              <div class=\"modal-overlay sm--modal link\" data-bs-toggle=\"modal\" data-bs-target=\"#classmodal6515\">\n                                            <button class=\"btn btn-link\" title=\"Student journey popup link\"><i class=\"fa fa-plus\"><\/i><\/button>\n                                        <\/div>                           <\/div>\n                                  <\/div>\n                                <\/div>\n                            <\/div>\n                        <\/div><div class=\"col-sm-12 col-md-6 col-lg-6\">\n                            <div class=\"card horizontal--card horizontal--card-sm img--100 mb-3\">\n                                <div class=\"row m-0 g-0\">                         <div class=\"col-5 col-md-5 col-lg-5\">\n                                    <div class=\"thumbnail_img_overlay_7949\"> <img decoding=\"async\" src=\"https:\/\/elisvillamartin.com\/wp-content\/uploads\/sites\/109\/2023\/08\/ELIS-Villarmartin-169.jpg\" class=\"img-fluid rounded-start\" alt=\"...\"><\/div>\n                                  <\/div>                        <div class=\"col-7 col-md-7 col-lg-7\">\n                                    <div class=\"card-body\">\n                                        <div class=\"component\" data-bs-toggle=\"modal\" data-bs-target=\"#classmodal4138\">\n                                           <a href=\"\" class=\"body-large-bold\">Bachillerato<\/a>\n                                        <\/div>\n                                        <div class=\"component m-0\"><p class=\"p\">16 - 18 a\u00f1os<\/p><\/div>                              <div class=\"modal-overlay sm--modal link\" data-bs-toggle=\"modal\" data-bs-target=\"#classmodal4138\">\n                                            <button class=\"btn btn-link\" title=\"Student journey popup link\"><i class=\"fa fa-plus\"><\/i><\/button>\n                                        <\/div>                           <\/div>\n                                  <\/div>\n                                <\/div>\n                            <\/div>\n                        <\/div>          <\/div>\n                <\/div>\n            <\/section><\/div><div class=\"modal fade booking-modal extra--padding mob-P-0 show\" id=\"classmodal7309\" data-bs-backdrop=\"static\" data-bs-keyboard=\"false\" tabindex=\"-1\" aria-labelledby=\"staticBackdropLabel\" style=\"display: none;\" aria-modal=\"true\" role=\"dialog\">\n                                    <div class=\"modal-dialog modal-lg\">\n                                    <div class=\"modal-content section--white\">\n                                        <div class=\"modal-body\">\n                                            <button type=\"button\" class=\"btn-close\" data-bs-dismiss=\"modal\" aria-label=\"Close\"><i class=\"fa fa-times\"><\/i><\/button>\n                                            <div class=\"row m-0\">\n                                                <div class=\"col-md-6 col-lg-6 order-2 order-md-1 px-3 px-md-0 pt-4 pt-md-0\">\n                                                    <div class=\"col-md-12 col-lg-12\">\n                                                        <div class=\"component link\"><a href=\"\/es\/infantil\/\" class=\"highlights__link btn btn-link\">Infantil<\/a>                  <\/div>\n                                                        <div class=\"sub-heading component mt-0\">                <p class=\"body-small\">3 - 5 a\u00f1os<\/p>               <\/div>\n                                                    <\/div>           <div class=\"component list p-0\">\n                                                        <ul class=\"\">                       <li>Descubre nuestro curr\u00edculo dise\u00f1ado para ni\u00f1os de 3 a 5 a\u00f1os, que ofrece la base ideal para su itinerario educativo. <\/li>                       <li>Nuestras instalaciones proporcionan un ambiente acogedor, con personal altamente cualificado que garantiza una transici\u00f3n fluida desde la guarder\u00eda al colegio y un aprendizaje integral en siete \u00e1reas esenciales. <\/li>        <\/ul>\n                                                    <\/div>\n                                                    <div class=\"component link pt-3\">           <a class=\"btn btn-primary btn-primary--border\" href=\"\/es\/infantil\/\">Descubre m\u00e1s<\/a>           <\/div>\n                                                <\/div>\n                                                <div class=\"col-md-6 col-lg-6 order-1 order-md-2 p-0 p-md-3\">\n                                                    <div class=\"img-sec\">\n                                                        <div class=\"component\">\n                                                            <div class=\"modal_image_ite6221 callout-img map--img leftBottom-content\" style=\"background-image: url(https:\/\/elisvillamartin.com\/wp-content\/uploads\/sites\/109\/2023\/08\/ELIS-Villarmartin-001.jpg);background-position:center;\">\n                                                            <\/div>\n                                                            <\/div>\n                                                        <\/div>\n                                                        \n                                                    <\/div>\n                                                <\/div>\n                                            <\/div>\n\n                                            \n                                        <\/div>\n                                    <\/div>\n                                    <\/div><div class=\"modal fade booking-modal extra--padding mob-P-0 show\" id=\"classmodal8093\" data-bs-backdrop=\"static\" data-bs-keyboard=\"false\" tabindex=\"-1\" aria-labelledby=\"staticBackdropLabel\" style=\"display: none;\" aria-modal=\"true\" role=\"dialog\">\n                                    <div class=\"modal-dialog modal-lg\">\n                                    <div class=\"modal-content section--white\">\n                                        <div class=\"modal-body\">\n                                            <button type=\"button\" class=\"btn-close\" data-bs-dismiss=\"modal\" aria-label=\"Close\"><i class=\"fa fa-times\"><\/i><\/button>\n                                            <div class=\"row m-0\">\n                                                <div class=\"col-md-6 col-lg-6 order-2 order-md-1 px-3 px-md-0 pt-4 pt-md-0\">\n                                                    <div class=\"col-md-12 col-lg-12\">\n                                                        <div class=\"component link\"><a href=\"\/es\/primaria\/\" class=\"highlights__link btn btn-link\">Primaria<\/a>                  <\/div>\n                                                        <div class=\"sub-heading component mt-0\">                <p class=\"body-small\">5 - 11 a\u00f1os<\/p>               <\/div>\n                                                    <\/div>           <div class=\"component list p-0\">\n                                                        <ul class=\"\">                       <li>Una educaci\u00f3n hol\u00edstica que prepara a los ni\u00f1os de 5 a 11 a\u00f1os para un crecimiento y aprendizaje continuos a lo largo de su vida. <\/li>                       <li>Nuestro curr\u00edculo combina lo mejor de la educaci\u00f3n brit\u00e1nica y espa\u00f1ola, ofreciendo un tercer idioma y un programa de tutor\u00eda individualizada. <\/li>        <\/ul>\n                                                    <\/div>\n                                                    <div class=\"component link pt-3\">           <a class=\"btn btn-primary btn-primary--border\" href=\"\/es\/primaria\/\">Descubre m\u00e1s<\/a>           <\/div>\n                                                <\/div>\n                                                <div class=\"col-md-6 col-lg-6 order-1 order-md-2 p-0 p-md-3\">\n                                                    <div class=\"img-sec\">\n                                                        <div class=\"component\">\n                                                            <div class=\"modal_image_ite9386 callout-img map--img leftBottom-content\" style=\"background-image: url(https:\/\/elisvillamartin.com\/wp-content\/uploads\/sites\/109\/2023\/08\/ELIS-Villarmartin-270.jpg);background-position:center;\">\n                                                            <\/div>\n                                                            <\/div>\n                                                        <\/div>\n                                                        \n                                                    <\/div>\n                                                <\/div>\n                                            <\/div>\n\n                                            \n                                        <\/div>\n                                    <\/div>\n                                    <\/div><div class=\"modal fade booking-modal extra--padding mob-P-0 show\" id=\"classmodal6515\" data-bs-backdrop=\"static\" data-bs-keyboard=\"false\" tabindex=\"-1\" aria-labelledby=\"staticBackdropLabel\" style=\"display: none;\" aria-modal=\"true\" role=\"dialog\">\n                                    <div class=\"modal-dialog modal-lg\">\n                                    <div class=\"modal-content section--white\">\n                                        <div class=\"modal-body\">\n                                            <button type=\"button\" class=\"btn-close\" data-bs-dismiss=\"modal\" aria-label=\"Close\"><i class=\"fa fa-times\"><\/i><\/button>\n                                            <div class=\"row m-0\">\n                                                <div class=\"col-md-6 col-lg-6 order-2 order-md-1 px-3 px-md-0 pt-4 pt-md-0\">\n                                                    <div class=\"col-md-12 col-lg-12\">\n                                                        <div class=\"component link\"><a href=\"\/es\/secundaria\/\" class=\"highlights__link btn btn-link\">Secundaria<\/a>                  <\/div>\n                                                        <div class=\"sub-heading component mt-0\">                <p class=\"body-small\">11 - 16 a\u00f1os<\/p>               <\/div>\n                                                    <\/div>           <div class=\"component list p-0\">\n                                                        <ul class=\"\">                       <li>Nuestro curr\u00edculo de Secundaria prepara a los estudiantes para ex\u00e1menes internacionales externos y rigurosos mejorando sus habilidades en diferentes materias. <\/li>                       <li>Nuestro compromiso con la excelencia se ve reflejado en nuestras instalaciones de primer nivel, que mejoran el aprendizaje y potencian la preparaci\u00f3n de los alumnos para el futuro. <\/li>        <\/ul>\n                                                    <\/div>\n                                                    <div class=\"component link pt-3\">           <a class=\"btn btn-primary btn-primary--border\" href=\"\/es\/secundaria\/\">Descubre m\u00e1s<\/a>           <\/div>\n                                                <\/div>\n                                                <div class=\"col-md-6 col-lg-6 order-1 order-md-2 p-0 p-md-3\">\n                                                    <div class=\"img-sec\">\n                                                        <div class=\"component\">\n                                                            <div class=\"modal_image_ite7988 callout-img map--img leftBottom-content\" style=\"background-image: url(https:\/\/elisvillamartin.com\/wp-content\/uploads\/sites\/109\/2023\/08\/ELIS-Villarmartin-179.jpg);background-position:center;\">\n                                                            <\/div>\n                                                            <\/div>\n                                                        <\/div>\n                                                        \n                                                    <\/div>\n                                                <\/div>\n                                            <\/div>\n\n                                            \n                                        <\/div>\n                                    <\/div>\n                                    <\/div><div class=\"modal fade booking-modal extra--padding mob-P-0 show\" id=\"classmodal4138\" data-bs-backdrop=\"static\" data-bs-keyboard=\"false\" tabindex=\"-1\" aria-labelledby=\"staticBackdropLabel\" style=\"display: none;\" aria-modal=\"true\" role=\"dialog\">\n                                    <div class=\"modal-dialog modal-lg\">\n                                    <div class=\"modal-content section--white\">\n                                        <div class=\"modal-body\">\n                                            <button type=\"button\" class=\"btn-close\" data-bs-dismiss=\"modal\" aria-label=\"Close\"><i class=\"fa fa-times\"><\/i><\/button>\n                                            <div class=\"row m-0\">\n                                                <div class=\"col-md-6 col-lg-6 order-2 order-md-1 px-3 px-md-0 pt-4 pt-md-0\">\n                                                    <div class=\"col-md-12 col-lg-12\">\n                                                        <div class=\"component link\"><a href=\"\/es\/bachillerato\/\" class=\"highlights__link btn btn-link\">Bachillerato<\/a>                  <\/div>\n                                                        <div class=\"sub-heading component mt-0\">                <p class=\"body-small\">16 - 18 a\u00f1os<\/p>               <\/div>\n                                                    <\/div>           <div class=\"component list p-0\">\n                                                        <ul class=\"\">                       <li>ELIS Villamart\u00edn prepara a los estudiantes para acceder a universidades del Reino Unido, Espa\u00f1a o internacionales mediante un programa \u00fanico de orientaci\u00f3n vocacional. <\/li>                       <li>Nuestro Bachillerato combina A-Levels Internacionales y Bachillerato espa\u00f1ol, junto con un apoyo personalizado que incluye tutor\u00edas, intercambios, viajes y programas de preparaci\u00f3n para la universidad. <\/li>        <\/ul>\n                                                    <\/div>\n                                                    <div class=\"component link pt-3\">           <a class=\"btn btn-primary btn-primary--border\" href=\"\/es\/bachillerato\/\">Descubre m\u00e1s<\/a>           <\/div>\n                                                <\/div>\n                                                <div class=\"col-md-6 col-lg-6 order-1 order-md-2 p-0 p-md-3\">\n                                                    <div class=\"img-sec\">\n                                                        <div class=\"component\">\n                                                            <div class=\"modal_image_ite3619 callout-img map--img leftBottom-content\" style=\"background-image: url(https:\/\/elisvillamartin.com\/wp-content\/uploads\/sites\/109\/2023\/08\/ELIS-Villarmartin-169.jpg);background-position:center;\">\n                                                            <\/div>\n                                                            <\/div>\n                                                        <\/div>\n                                                        \n                                                    <\/div>\n                                                <\/div>\n                                            <\/div>\n\n                                            \n                                        <\/div>\n                                    <\/div>\n                                    <\/div>[\/vc_column][\/vc_row][vc_row][vc_column]<section  style='background-color:#f3f4f2;' class=\"section  light-color section--white pb-0  \"><div class=\"container-fluid\"><div class=\"row m-0 align-items-center centerText \" >\n                        <div class=\"col-sm-12 col-md-10 col-lg-9 mx-auto\"><div class=\"sub-heading component\">\n                                        <h2 class=\"h5\">Te puede interesar<\/h2>\n                                    <\/div><div class=\"sub-heading component\"><\/div><style>\n                        .flex-button {\n                        margin-top: 25px;\n                    } \n                        \n                    @media (max-width: 767px){\n                     .flex-button {\n                      display: block;\n                      margin-left: 0;\n                    }\n                    .flex-button .text-center{\n                     text-align: left !important;\n                    }\n                    }\n\n\n                        <\/style><\/div><\/div><\/section><section  class=\"section    pt-0  section--blue\" style='background-color:#f3f4f2;'><div class=\"container-fluid section--blue\" style='background-color:#f3f4f2'><style>\n            .background-box .heading .h5:after {\n                display:none;\n            }\n            <\/style><div class=\"row m-0 justify-content-center pt-3 pt-md-3\"><style>\n                .thumbnail_img_overlay_4423 .callout-img.halfcol--img .img-overlay {\n                    background: rgba(0,0,0,0.5);\n                    \n                }\n\n                .thumbnail_img_overlay_4423 .tech-images .callout-img.halfcol--img {\n                    background: rgba(0,0,0,0.5);\n                    \n                }\n\n                <\/style><style>\n                .thumbnail_img_overlay_4423 .heading .h5 {\n                    background: rgba(106,157,65,0.5);\n                    \n                }\n\n            \n\n                <\/style><style>\n                .thumbnail_img_overlay_4423 .heading .h5 a {\n                    font-size: 25px;\n                    line-height:25px;\n                    \n                }\n\n                .thumbnail_img_overlay_4423 .heading .h5 {\n                    font-size: 25px;\n                    line-height: 25px;\n                    \n                }\n               \n                <\/style><style>\n                .thumbnail_img_overlay_4423 .heading .h5 a {\n                    color: #ffffffpx;\n                    \n                }\n\n                .thumbnail_img_overlay_4423 .heading .h5 {\n                    color: #ffffffpx;\n                    \n                }\n               \n                <\/style><div class=\"col-lg-3 col-md-3 col-sm-3 mb-3 pb-2\">\n                            <div class=\"card card--white tech-images next-steps-module  thumbnail_img_overlay_4423\">   <a class=\"\" href = \"\/es\/excelencia-academica\/\" ><div class=\"ratio ratio-21x9 callout-img halfcol--img leftBottom-content\" style=\"background-image: url(https:\/\/elisvillamartin.com\/wp-content\/uploads\/sites\/109\/2023\/08\/ELIS-Villarmartin-182.jpg);background-position:center;\">\n                                 \n                                 <div class=\"img-overlay \">\n                                 \n                                     <div class=\"heading component\">\n                                        <h5 class=\"h5\" >Excelencia Acad\u00e9mica<\/h5>\n                                     <\/div>\n                                   \n                                \n                             <\/div>\n                                 \n                                 <\/div><\/a>\n                            <\/div>\n                        <\/div><style>\n                .thumbnail_img_overlay_8126 .callout-img.halfcol--img .img-overlay {\n                    background: rgba(0,0,0,0.5);\n                    \n                }\n\n                .thumbnail_img_overlay_8126 .tech-images .callout-img.halfcol--img {\n                    background: rgba(0,0,0,0.5);\n                    \n                }\n\n                <\/style><style>\n                .thumbnail_img_overlay_8126 .heading .h5 {\n                    background: rgba(106,157,65,0.5);\n                    \n                }\n\n            \n\n                <\/style><style>\n                .thumbnail_img_overlay_8126 .heading .h5 a {\n                    font-size: 25px;\n                    line-height:25px;\n                    \n                }\n\n                .thumbnail_img_overlay_8126 .heading .h5 {\n                    font-size: 25px;\n                    line-height: 25px;\n                    \n                }\n               \n                <\/style><style>\n                .thumbnail_img_overlay_8126 .heading .h5 a {\n                    color: #ffffffpx;\n                    \n                }\n\n                .thumbnail_img_overlay_8126 .heading .h5 {\n                    color: #ffffffpx;\n                    \n                }\n               \n                <\/style><div class=\"col-lg-3 col-md-3 col-sm-3 mb-3 pb-2\">\n                            <div class=\"card card--white tech-images next-steps-module  thumbnail_img_overlay_8126\">   <a class=\"\" href = \"\/es\/instalaciones-y-localizacion\" ><div class=\"ratio ratio-21x9 callout-img halfcol--img leftBottom-content\" style=\"background-image: url(https:\/\/elisvillamartin.com\/wp-content\/uploads\/sites\/109\/2023\/08\/ELIS-Villarmartin-299.jpg);background-position:center;\">\n                                 \n                                 <div class=\"img-overlay \">\n                                 \n                                     <div class=\"heading component\">\n                                        <h5 class=\"h5\" >Instalaciones y Localizaci\u00f3n<\/h5>\n                                     <\/div>\n                                   \n                                \n                             <\/div>\n                                 \n                                 <\/div><\/a>\n                            <\/div>\n                        <\/div><style>\n                .thumbnail_img_overlay_5203 .callout-img.halfcol--img .img-overlay {\n                    background: rgba(0,0,0,0.5);\n                    \n                }\n\n                .thumbnail_img_overlay_5203 .tech-images .callout-img.halfcol--img {\n                    background: rgba(0,0,0,0.5);\n                    \n                }\n\n                <\/style><style>\n                .thumbnail_img_overlay_5203 .heading .h5 {\n                    background: rgba(106,157,65,0.5);\n                    \n                }\n\n            \n\n                <\/style><style>\n                .thumbnail_img_overlay_5203 .heading .h5 a {\n                    font-size: 25px;\n                    line-height:25px;\n                    \n                }\n\n                .thumbnail_img_overlay_5203 .heading .h5 {\n                    font-size: 25px;\n                    line-height: 25px;\n                    \n                }\n               \n                <\/style><style>\n                .thumbnail_img_overlay_5203 .heading .h5 a {\n                    color: #ffffffpx;\n                    \n                }\n\n                .thumbnail_img_overlay_5203 .heading .h5 {\n                    color: #ffffffpx;\n                    \n                }\n               \n                <\/style><div class=\"col-lg-3 col-md-3 col-sm-3 mb-3 pb-2\">\n                            <div class=\"card card--white tech-images next-steps-module  thumbnail_img_overlay_5203\">   <a class=\"\" href = \"\/es\/proceso-de-admision\/\" ><div class=\"ratio ratio-21x9 callout-img halfcol--img leftBottom-content\" style=\"background-image: url(https:\/\/elisvillamartin.com\/wp-content\/uploads\/sites\/109\/2023\/08\/ELIS-Villarmartin-165.jpg);background-position:center;\">\n                                 \n                                 <div class=\"img-overlay \">\n                                 \n                                     <div class=\"heading component\">\n                                        <h5 class=\"h5\" >Proceso de Admisi\u00f3n<\/h5>\n                                     <\/div>\n                                   \n                                \n                             <\/div>\n                                 \n                                 <\/div><\/a>\n                            <\/div>\n                        <\/div><style>\n                .thumbnail_img_overlay_9900 .callout-img.halfcol--img .img-overlay {\n                    background: rgba(0,0,0,0.5);\n                    \n                }\n\n                .thumbnail_img_overlay_9900 .tech-images .callout-img.halfcol--img {\n                    background: rgba(0,0,0,0.5);\n                    \n                }\n\n                <\/style><style>\n                .thumbnail_img_overlay_9900 .heading .h5 {\n                    background: rgba(106,157,65,0.5);\n                    \n                }\n\n            \n\n                <\/style><style>\n                .thumbnail_img_overlay_9900 .heading .h5 a {\n                    font-size: 25px;\n                    line-height:25px;\n                    \n                }\n\n                .thumbnail_img_overlay_9900 .heading .h5 {\n                    font-size: 25px;\n                    line-height: 25px;\n                    \n                }\n               \n                <\/style><style>\n                .thumbnail_img_overlay_9900 .heading .h5 a {\n                    color: #ffffffpx;\n                    \n                }\n\n                .thumbnail_img_overlay_9900 .heading .h5 {\n                    color: #ffffffpx;\n                    \n                }\n               \n                <\/style><div class=\"col-lg-3 col-md-3 col-sm-3 mb-3 pb-2\">\n                            <div class=\"card card--white tech-images next-steps-module  thumbnail_img_overlay_9900\">   <a class=\"\" href = \"\/es\/puertas-abiertas-y-visitas\/\" ><div class=\"ratio ratio-21x9 callout-img halfcol--img leftBottom-content\" style=\"background-image: url(https:\/\/elisvillamartin.com\/wp-content\/uploads\/sites\/109\/2023\/08\/ELIS-Villarmartin-047.jpg);background-position:center;\">\n                                 \n                                 <div class=\"img-overlay \">\n                                 \n                                     <div class=\"heading component\">\n                                        <h5 class=\"h5\" >Puertas Abiertas y Visitas<\/h5>\n                                     <\/div>\n                                   \n                                \n                             <\/div>\n                                 \n                                 <\/div><\/a>\n                            <\/div>\n                        <\/div><\/div><\/div>\n            <\/section>[\/vc_column][\/vc_row][vc_row css=&#8221;.vc_custom_1694166801591{background-image: url(https:\/\/elisvillamartin.com\/wp-content\/uploads\/sites\/109\/2023\/09\/prospectus-leaf.png?id=69327) !important;background-position: center !important;background-repeat: no-repeat !important;background-size: cover !important;}&#8221;][vc_column]<section  style='' class=\"section   section--white   \"><div class=\"container-fluid\"><div class=\"row m-0 align-items-center centerText \" >\n                        <div class=\"col-sm-12 col-md-10 col-lg-9 mx-auto\"><div class=\"sub-heading component\">\n                                        <h2 class=\"h5\">Descubre m\u00e1s sobre ELIS Villamart\u00edn<\/h2>\n                                    <\/div><div class=\"sub-heading component\"><\/div><div class=\"component link\"><a href=\"\/es\/descarga-nuestro-catalogo\/\" class=\" btn btn-primary\">Solicita nuestro Cat\u00e1logo<\/a><\/div><style>\n                        .flex-button {\n                        margin-top: 25px;\n                    } \n                        \n                    @media (max-width: 767px){\n                     .flex-button {\n                      display: block;\n                      margin-left: 0;\n                    }\n                    .flex-button .text-center{\n                     text-align: left !important;\n                    }\n                    }\n\n\n                        <\/style><\/div><\/div><\/section>[\/vc_column][\/vc_row][vc_row][vc_column]<section class=\"section section--blue bottom-step TopBottomBorder   \" style=\"background-image: url('https:\/\/elisvillamartin.com\/wp-content\/uploads\/sites\/109\/2023\/08\/ELIS-Villarmartin-301.jpg');;background-position-y:75%;;\"><style>.bottom-step.section--blue:before {background: rgba(106,157,65,0.8);}<\/style><div class=\"container-fluid\"><div class=\"row\"><div class=\"col-sm-12\"><div class=\"component title\"><p class=\"body-small\">Ponte en Contacto<\/p><\/div><\/div><\/div><div class=\"row\"><div class=\"col-md-4\"><div class=\"component linkcard \">\n                                <a class=\"card card--bordered\" href=\"\/es\/haz-una-consulta\/\">\n                                    <div class=\"card-body d-flex align-items-center\">\n                                    <div> <div class=\"component link\">\n                                            <div  class=\"btn btn-link simple-link h5\">Haz una Consulta<\/div>\n                                        <\/div><\/div><\/div><\/a><\/div><\/div><div class=\"col-md-4\"><div class=\"component linkcard \">\n                                <a class=\"card card--bordered\" href=\"\/es\/solicita-una-visita-privada\/\">\n                                    <div class=\"card-body d-flex align-items-center\">\n                                    <div> <div class=\"component link\">\n                                            <div  class=\"btn btn-link simple-link h5\">Solicita una visita privada<\/div>\n                                        <\/div><\/div><\/div><\/a><\/div><\/div><div class=\"col-md-4\"><div class=\"component linkcard \">\n                                <a class=\"card card--bordered\" href=\"\/es\/reservar-una-jornada-de-puertas-abiertas\/\">\n                                    <div class=\"card-body d-flex align-items-center\">\n                                    <div> <div class=\"component link\">\n                                            <div  class=\"btn btn-link simple-link h5\">Ven a un D\u00eda de Puertas Abiertas<\/div>\n                                        <\/div><\/div><\/div><\/a><\/div><\/div><\/div><\/section>[\/vc_column][\/vc_row]<\/p>\n<\/div>","protected":false},"excerpt":{"rendered":"<p>[vc_row][vc_column][\/vc_column][\/vc_row][vc_row][vc_column][\/vc_column][\/vc_row][vc_row][vc_column][\/vc_column][\/vc_row][vc_row][vc_column][\/vc_column][\/vc_row][vc_row][vc_column][\/vc_column][\/vc_row][vc_row][vc_column][\/vc_column][\/vc_row][vc_row][vc_column][\/vc_column][\/vc_row][vc_row css=&#8221;.vc_custom_1694702386168{margin-top: 5px !important;background-image: url(https:\/\/elisvillamartin.com\/wp-content\/uploads\/sites\/109\/2023\/09\/book-a-visit-banner-v3.png?id=69324) !important;background-position: center !important;background-repeat: no-repeat !important;background-size: cover !important;}&#8221; el_class=&#8221;gradient2&#8243;][vc_column][\/vc_column][\/vc_row][vc_row][vc_column][\/vc_column][\/vc_row][vc_row][vc_column][\/vc_column][\/vc_row][vc_row css=&#8221;.vc_custom_1694166801591{background-image: url(https:\/\/elisvillamartin.com\/wp-content\/uploads\/sites\/109\/2023\/09\/prospectus-leaf.png?id=69327) !important;background-position: center !important;background-repeat: no-repeat !important;background-size: cover !important;}&#8221;][vc_column][\/vc_column][\/vc_row][vc_row][vc_column][\/vc_column][\/vc_row]<\/p>\n","protected":false},"author":457,"featured_media":0,"parent":69835,"menu_order":0,"comment_status":"closed","ping_status":"closed","template":"","meta":{"_acf_changed":false,"footnotes":""},"class_list":["post-70634","page","type-page","status-publish","hentry"],"acf":[],"yoast_head":"<!-- This site is optimized with the Yoast SEO plugin v27.4 - https:\/\/yoast.com\/product\/yoast-seo-wordpress\/ -->\n<title>Daniel Timmins, Alumnus del Primer Trimestre 2018-19 - El Limonar International School Villamart\u00edn<\/title>\n<meta name=\"robots\" content=\"index, follow, max-snippet:-1, max-image-preview:large, max-video-preview:-1\" \/>\n<link rel=\"canonical\" href=\"https:\/\/elisvillamartin.com\/es\/alumnus-year\/daniel-timmins-alumnus-del-primer-trimestre-2018-19\/\" \/>\n<meta property=\"og:locale\" content=\"es_ES\" \/>\n<meta property=\"og:type\" content=\"article\" \/>\n<meta property=\"og:title\" content=\"Daniel Timmins, Alumnus del Primer Trimestre 2018-19 - El Limonar International School Villamart\u00edn\" \/>\n<meta property=\"og:description\" content=\"[vc_row][vc_column][\/vc_column][\/vc_row][vc_row][vc_column][\/vc_column][\/vc_row][vc_row][vc_column][\/vc_column][\/vc_row][vc_row][vc_column][\/vc_column][\/vc_row][vc_row][vc_column][\/vc_column][\/vc_row][vc_row][vc_column][\/vc_column][\/vc_row][vc_row][vc_column][\/vc_column][\/vc_row][vc_row css=&#8221;.vc_custom_1694702386168{margin-top: 5px !important;background-image: url(https:\/\/elisvillamartin.com\/wp-content\/uploads\/sites\/109\/2023\/09\/book-a-visit-banner-v3.png?id=69324) !important;background-position: center !important;background-repeat: no-repeat !important;background-size: cover !important;}&#8221; el_class=&#8221;gradient2&#8243;][vc_column][\/vc_column][\/vc_row][vc_row][vc_column][\/vc_column][\/vc_row][vc_row][vc_column][\/vc_column][\/vc_row][vc_row css=&#8221;.vc_custom_1694166801591{background-image: url(https:\/\/elisvillamartin.com\/wp-content\/uploads\/sites\/109\/2023\/09\/prospectus-leaf.png?id=69327) !important;background-position: center !important;background-repeat: no-repeat !important;background-size: cover !important;}&#8221;][vc_column][\/vc_column][\/vc_row][vc_row][vc_column][\/vc_column][\/vc_row]\" \/>\n<meta property=\"og:url\" content=\"https:\/\/elisvillamartin.com\/es\/alumnus-year\/daniel-timmins-alumnus-del-primer-trimestre-2018-19\/\" \/>\n<meta property=\"og:site_name\" content=\"El Limonar International School Villamart\u00edn\" \/>\n<meta property=\"article:publisher\" content=\"https:\/\/www.facebook.com\/ElLimonarInternationalSchoolVillamartin\/\" \/>\n<meta property=\"article:modified_time\" content=\"2023-10-23T10:48:39+00:00\" \/>\n<meta property=\"og:image\" content=\"https:\/\/elisvillamartin.com\/wp-content\/uploads\/sites\/109\/2024\/11\/LOGO-ELIS-VILLAMARTIN-COLOR.jpg\" \/>\n\t<meta property=\"og:image:width\" content=\"1240\" \/>\n\t<meta property=\"og:image:height\" content=\"575\" \/>\n\t<meta property=\"og:image:type\" content=\"image\/jpeg\" \/>\n<meta name=\"twitter:card\" content=\"summary_large_image\" \/>\n<meta name=\"twitter:label1\" content=\"Tiempo de lectura\" \/>\n\t<meta name=\"twitter:data1\" content=\"1 minuto\" \/>\n<!-- \/ Yoast SEO plugin. -->","yoast_head_json":{"title":"Daniel Timmins, Alumnus del Primer Trimestre 2018-19 - El Limonar International School Villamart\u00edn","robots":{"index":"index","follow":"follow","max-snippet":"max-snippet:-1","max-image-preview":"max-image-preview:large","max-video-preview":"max-video-preview:-1"},"canonical":"https:\/\/elisvillamartin.com\/es\/alumnus-year\/daniel-timmins-alumnus-del-primer-trimestre-2018-19\/","og_locale":"es_ES","og_type":"article","og_title":"Daniel Timmins, Alumnus del Primer Trimestre 2018-19 - El Limonar International School Villamart\u00edn","og_description":"[vc_row][vc_column][\/vc_column][\/vc_row][vc_row][vc_column][\/vc_column][\/vc_row][vc_row][vc_column][\/vc_column][\/vc_row][vc_row][vc_column][\/vc_column][\/vc_row][vc_row][vc_column][\/vc_column][\/vc_row][vc_row][vc_column][\/vc_column][\/vc_row][vc_row][vc_column][\/vc_column][\/vc_row][vc_row css=&#8221;.vc_custom_1694702386168{margin-top: 5px !important;background-image: url(https:\/\/elisvillamartin.com\/wp-content\/uploads\/sites\/109\/2023\/09\/book-a-visit-banner-v3.png?id=69324) !important;background-position: center !important;background-repeat: no-repeat !important;background-size: cover !important;}&#8221; el_class=&#8221;gradient2&#8243;][vc_column][\/vc_column][\/vc_row][vc_row][vc_column][\/vc_column][\/vc_row][vc_row][vc_column][\/vc_column][\/vc_row][vc_row css=&#8221;.vc_custom_1694166801591{background-image: url(https:\/\/elisvillamartin.com\/wp-content\/uploads\/sites\/109\/2023\/09\/prospectus-leaf.png?id=69327) !important;background-position: center !important;background-repeat: no-repeat !important;background-size: cover !important;}&#8221;][vc_column][\/vc_column][\/vc_row][vc_row][vc_column][\/vc_column][\/vc_row]","og_url":"https:\/\/elisvillamartin.com\/es\/alumnus-year\/daniel-timmins-alumnus-del-primer-trimestre-2018-19\/","og_site_name":"El Limonar International School Villamart\u00edn","article_publisher":"https:\/\/www.facebook.com\/ElLimonarInternationalSchoolVillamartin\/","article_modified_time":"2023-10-23T10:48:39+00:00","og_image":[{"width":1240,"height":575,"url":"https:\/\/elisvillamartin.com\/wp-content\/uploads\/sites\/109\/2024\/11\/LOGO-ELIS-VILLAMARTIN-COLOR.jpg","type":"image\/jpeg"}],"twitter_card":"summary_large_image","twitter_misc":{"Tiempo de lectura":"1 minuto"},"schema":{"@context":"https:\/\/schema.org","@graph":[{"@type":"WebPage","@id":"https:\/\/elisvillamartin.com\/es\/alumnus-year\/daniel-timmins-alumnus-del-primer-trimestre-2018-19\/","url":"https:\/\/elisvillamartin.com\/es\/alumnus-year\/daniel-timmins-alumnus-del-primer-trimestre-2018-19\/","name":"Daniel Timmins, Alumnus del Primer Trimestre 2018-19 - El Limonar International School Villamart\u00edn","isPartOf":{"@id":"https:\/\/elisvillamartin.com\/es\/#website"},"datePublished":"2023-09-14T07:42:54+00:00","dateModified":"2023-10-23T10:48:39+00:00","breadcrumb":{"@id":"https:\/\/elisvillamartin.com\/es\/alumnus-year\/daniel-timmins-alumnus-del-primer-trimestre-2018-19\/#breadcrumb"},"inLanguage":"es","potentialAction":[{"@type":"ReadAction","target":["https:\/\/elisvillamartin.com\/es\/alumnus-year\/daniel-timmins-alumnus-del-primer-trimestre-2018-19\/"]}]},{"@type":"BreadcrumbList","@id":"https:\/\/elisvillamartin.com\/es\/alumnus-year\/daniel-timmins-alumnus-del-primer-trimestre-2018-19\/#breadcrumb","itemListElement":[{"@type":"ListItem","position":1,"name":"Home","item":"https:\/\/elisvillamartin.com\/es\/"},{"@type":"ListItem","position":2,"name":"Alumnus del A\u00f1o","item":"https:\/\/elisvillamartin.com\/es\/alumnus-year\/"},{"@type":"ListItem","position":3,"name":"Daniel Timmins, Alumnus del Primer Trimestre 2018-19"}]},{"@type":"WebSite","@id":"https:\/\/elisvillamartin.com\/es\/#website","url":"https:\/\/elisvillamartin.com\/es\/","name":"El Limonar International School Villamart\u00edn","description":"ELIS Villamart\u00edn is part of the Cognita Schools Group","publisher":{"@id":"https:\/\/elisvillamartin.com\/es\/#organization"},"alternateName":"ELIS Villamartin","potentialAction":[{"@type":"SearchAction","target":{"@type":"EntryPoint","urlTemplate":"https:\/\/elisvillamartin.com\/es\/?s={search_term_string}"},"query-input":{"@type":"PropertyValueSpecification","valueRequired":true,"valueName":"search_term_string"}}],"inLanguage":"es"},{"@type":"Organization","@id":"https:\/\/elisvillamartin.com\/es\/#organization","name":"ELIS Villamart\u00edn","alternateName":"ELIS Villamart\u00edn","url":"https:\/\/elisvillamartin.com\/es\/","logo":{"@type":"ImageObject","inLanguage":"es","@id":"https:\/\/elisvillamartin.com\/es\/#\/schema\/logo\/image\/","url":"https:\/\/elisvillamartin.com\/wp-content\/uploads\/sites\/109\/2024\/11\/LOGO-ELIS-VILLAMARTIN-COLOR.jpg","contentUrl":"https:\/\/elisvillamartin.com\/wp-content\/uploads\/sites\/109\/2024\/11\/LOGO-ELIS-VILLAMARTIN-COLOR.jpg","width":1240,"height":575,"caption":"ELIS Villamart\u00edn"},"image":{"@id":"https:\/\/elisvillamartin.com\/es\/#\/schema\/logo\/image\/"},"sameAs":["https:\/\/www.facebook.com\/ElLimonarInternationalSchoolVillamartin\/","https:\/\/www.instagram.com\/elis.villamartin"]}]}},"jetpack_sharing_enabled":true,"_links":{"self":[{"href":"https:\/\/elisvillamartin.com\/es\/wp-json\/wp\/v2\/pages\/70634","targetHints":{"allow":["GET"]}}],"collection":[{"href":"https:\/\/elisvillamartin.com\/es\/wp-json\/wp\/v2\/pages"}],"about":[{"href":"https:\/\/elisvillamartin.com\/es\/wp-json\/wp\/v2\/types\/page"}],"author":[{"embeddable":true,"href":"https:\/\/elisvillamartin.com\/es\/wp-json\/wp\/v2\/users\/457"}],"replies":[{"embeddable":true,"href":"https:\/\/elisvillamartin.com\/es\/wp-json\/wp\/v2\/comments?post=70634"}],"version-history":[{"count":7,"href":"https:\/\/elisvillamartin.com\/es\/wp-json\/wp\/v2\/pages\/70634\/revisions"}],"predecessor-version":[{"id":71393,"href":"https:\/\/elisvillamartin.com\/es\/wp-json\/wp\/v2\/pages\/70634\/revisions\/71393"}],"up":[{"embeddable":true,"href":"https:\/\/elisvillamartin.com\/es\/wp-json\/wp\/v2\/pages\/69835"}],"wp:attachment":[{"href":"https:\/\/elisvillamartin.com\/es\/wp-json\/wp\/v2\/media?parent=70634"}],"curies":[{"name":"wp","href":"https:\/\/api.w.org\/{rel}","templated":true}]}}