
     {"id":71277,"date":"2023-10-13T12:45:35","date_gmt":"2023-10-13T10:45:35","guid":{"rendered":"https:\/\/elisvillamartin.com\/?page_id=71277"},"modified":"2026-08-25T12:04:13","modified_gmt":"2026-08-25T10:04:13","slug":"nuestro-equipo","status":"publish","type":"page","link":"https:\/\/elisvillamartin.com\/es\/nuestro-equipo\/","title":{"rendered":"Nuestro Equipo"},"content":{"rendered":"<div class=\"wpb-content-wrapper\"><p>[vc_row][vc_column]<section  class=\"bg-video-wrap hero section hero--centertext   \" style='background: url(https:\/\/elisvillamartin.com\/wp-content\/uploads\/sites\/109\/2023\/06\/mt-sample-background.jpg) center ;background-size:cover ;'>\n                <div class=\"bg-overlay\" style='background:#000000;opacity:0.4;'><\/div>\n                <div class=\"overlay\" >\n                  <div class=\"container-fluid\">\n                    <div class=\"row\">\n                      <div class=\"col-md-12 col-lg-12\">\n\n                        <div class=\"caption text-start\"><div class=\"component sub-heading\" >\n                              <h1 class=\"display-h1\">Nuestro Equipo<\/h1>\n                            <\/div><\/div>\n                      <\/div>\n                    <\/div>\n                  <\/div>\n                <\/div>\n              <\/section><div class='row  m-x-0 breadcrumb-wrap ' style=''><div class='container-fluid' >\n                <nav aria-label='breadcrumb'><ol class=\"breadcrumb mt-3\">\n                  <li class=\"breadcrumb-item\"><a href=\"https:\/\/elisvillamartin.com\/es\/\">Home<\/a><\/li>\n                  <li class=\"breadcrumb-item active\" aria-current=\"page\">Nuestro Equipo<\/li>\n                <\/ol>\n              <\/nav>\n              <\/div>\n            <\/div>[\/vc_column][\/vc_row][vc_row][vc_column]\n    <section  style='background-image: url(https:\/\/elisvillamartin.com\/wp-content\/uploads\/sites\/109\/2023\/08\/white-background.png);' class=\"section       section--withBG \" ><div class=\"bg-overlay\" ><\/div><div class=\"container-fluid\"><div class=\"row  justify-content-between  \"><div class=\" col-lg-6 col-md-6      \" ><div class=\"component mb-1 mt-0  radius-bottom-LR \" style='px'><div class=\"sub-heading component\"><h2  class=\"h5  \">ELIS Villamart\u00edn encarna una comunidad de aprendizaje enriquecedora, liderada por un equipo de profesionales dedicados y apasionados<\/h2><\/div>\n                        <div class=\"sub-heading component \">\n                        <p class=\"body-medium\">Conoce a nuestro Equipo Directivo<\/p>\n                        <\/div><\/div><\/div>\n                    <div class=\"col-lg-5 col-md-6    \"> <\/div>\n             <\/div>\n        <\/div>\n<\/section>[\/vc_column][\/vc_row][vc_row][vc_column]\n    <section  style='' class=\"section   section--blue   gradient1  \" ><div class=\"container-fluid\"><div class=\"row    \"><div class=\" col-lg-6 col-md-6      \" ><div class=\"component mb-1 mt-0  radius-bottom-LR \" style='px'><div class=\"sub-heading component\"><h2  class=\"h5  \">Vanessa Grimward<\/h2><\/div><\/div><div class=\"component mb-1 mt-0  radius-bottom-LR \" style='px'><div class=\"sub-heading component\"><h2  class=\"h6  \">Directora Ejecutiva de ELIS Cognita<\/h2><\/div>\n                        <div class=\"sub-heading component \">\n                        <p class=\"body-medium\">Vanessa Grimward fue nombrada Directora Ejecutiva de ELIS Murcia y ELIS Villamart\u00edn en septiembre de 2023, tras haber desempe\u00f1ado anteriormente diversos cargos directivos en ELIS Murcia. Vanessa trabaja estrechamente con los Directores de los colegios ELIS para apoyar el desarrollo estrat\u00e9gico y compartir las mejores pr\u00e1cticas dentro de la comunidad ELIS Cognita. Adem\u00e1s, desde septiembre de 2026, Vanessa asume una nueva responsabilidad, proporcionando orientaci\u00f3n estrat\u00e9gica al nuevo Director de The English Montessori School (TEMS) en Madrid.<br \/>\n<br \/>\nEsta graduada con Matr\u00edcula de Honor por la Universidad de Southampton y posee un M\u00e1ster en Liderazgo Educativo por la Universidad de Buckingham.<br \/>\n<br \/>\nA Vanessa le apasiona garantizar que el personal de sus colegios mantenga unas expectativas elevadas tanto respecto a s\u00ed mismos como a sus alumnos, y que est\u00e9 comprometido con ofrecer una experiencia educativa de la m\u00e1xima calidad a todos los alumnos y familias.<br \/>\n<br \/>\nEs evaluadora acreditada por el Consejo de Colegios Internacionales (CIS) e inspectora cualificada de la Asociaci\u00f3n Nacional de Colegios Brit\u00e1nicos en Espa\u00f1a (NABSS).<\/p>\n                        <\/div><\/div><\/div>\n                    <div class=\"col-lg-6 col-md-6    \"><div class=\"component single-img \"><div class=\"ratio ratio-1x1 callout-img halfcol--img image_overlay_5896\" style=\"background-image: url(https:\/\/elisvillamartin.com\/wp-content\/uploads\/sites\/109\/2023\/11\/Vanessa-Grimward-20x20-1.jpg);\"><\/div><\/div> <\/div>\n             <\/div>\n        <\/div>\n<\/section>[\/vc_column][\/vc_row][vc_row][vc_column]\n    <section  style='background-image: url(https:\/\/elisvillamartin.com\/wp-content\/uploads\/sites\/109\/2023\/08\/white-background.png);' class=\"section       section--withBG \" ><div class=\"bg-overlay\" ><\/div><div class=\"container-fluid\"><div class=\"row    \"><div class=\" col-lg-6 col-md-6      \" ><div class=\"component mb-1 mt-0  radius-bottom-LR \" style='px'><div class=\"sub-heading component\"><h2  class=\"h5  \">Jon Wayth<\/h2><\/div><\/div><div class=\"component mb-1 mt-0  radius-bottom-LR \" style='px'><div class=\"sub-heading component\"><h2  class=\"h6  \">Director<\/h2><\/div>\n                        <div class=\"sub-heading component \">\n                        <p class=\"body-medium\">Jon Wayth se uni\u00f3 a la familia de ELIS Cognita en septiembre de 2017.<br \/>\n<br \/>\nFue nombrado Director de Secundaria y Bachillerato en ELIS Murcia en 2019 y comenz\u00f3 como Director en ELIS Villamart\u00edn en septiembre de 2023.<br \/>\n<br \/>\nObtuvo una licenciatura en Franc\u00e9s en la Universidad de Warwick y posteriormente un PGCE y un M\u00e1ster en Educaci\u00f3n en la Universidad de Exeter. <br \/>\n<br \/>\nTiene una amplia experiencia en educaci\u00f3n en el Reino Unido y trabaj\u00f3 previamente en Marketing y Relaciones P\u00fablicas para varias marcas internacionales. <\/p>\n                        <\/div><\/div><\/div>\n                    <div class=\"col-lg-6 col-md-6    \"><div class=\"component single-img \"><div class=\"ratio ratio-1x1 callout-img halfcol--img image_overlay_2036\" style=\"background-image: url(https:\/\/elisvillamartin.com\/wp-content\/uploads\/sites\/109\/2023\/11\/Jon-Wayth-20x20-1.jpg);\"><\/div><\/div> <\/div>\n             <\/div>\n        <\/div>\n<\/section>[\/vc_column][\/vc_row][vc_row][vc_column]\n    <section  style='' class=\"section   section--blue   gradient1  \" ><div class=\"container-fluid\"><div class=\"row    \"><div class=\" col-lg-6 col-md-6      \" ><div class=\"component mb-1 mt-0  radius-bottom-LR \" style='px'><div class=\"sub-heading component\"><h2  class=\"h5  \">Soledad Pina<\/h2><\/div><\/div><div class=\"component mb-1 mt-0  radius-bottom-LR \" style='px'><div class=\"sub-heading component\"><h2  class=\"h6  \">Directora de Infantil y Primaria<\/h2><\/div>\n                        <div class=\"sub-heading component \">\n                        <p class=\"body-medium\">Con 23 a\u00f1os de experiencia en educaci\u00f3n, Soledad se uni\u00f3 a ELIS en septiembre de 2000 y ha ocupado cargos de liderazgo durante m\u00e1s de 19 a\u00f1os.<br \/>\n<br \/>\nSoledad tiene un t\u00edtulo en Educaci\u00f3n Primaria, con especializaci\u00f3n en la ense\u00f1anza de Lenguas Extranjeras Modernas.<br \/>\n<br \/>\nSiente una verdadera pasi\u00f3n por la educaci\u00f3n, los idiomas y el aprendizaje, y realmente cree que forjar relaciones cercanas con todos los miembros de la comunidad contribuye a mejorar el futuro de nuestros alumnos, para que se conviertan en pensadores cr\u00edticos que liderar\u00e1n el mundo con democracia, respeto, igualdad y un sentido de dignidad. <\/p>\n                        <\/div><\/div><\/div>\n                    <div class=\"col-lg-6 col-md-6    \"><div class=\"component single-img \"><div class=\"ratio ratio-1x1 callout-img halfcol--img image_overlay_8723\" style=\"background-image: url(https:\/\/elisvillamartin.com\/wp-content\/uploads\/sites\/109\/2023\/11\/Soledad-Pina-20x20-1.jpg);\"><\/div><\/div> <\/div>\n             <\/div>\n        <\/div>\n<\/section>[\/vc_column][\/vc_row][vc_row][vc_column]\n    <section  style='background-image: url(https:\/\/elisvillamartin.com\/wp-content\/uploads\/sites\/109\/2023\/08\/white-background.png);' class=\"section       section--withBG \" ><div class=\"bg-overlay\" ><\/div><div class=\"container-fluid\"><div class=\"row    \"><div class=\" col-lg-6 col-md-6      \" ><div class=\"component mb-1 mt-0  radius-bottom-LR \" style='px'><div class=\"sub-heading component\"><h2  class=\"h5  \">Catherine Hill<\/h2><\/div><\/div><div class=\"component mb-1 mt-0  radius-bottom-LR \" style='px'><div class=\"sub-heading component\"><h2  class=\"h6  \">Directora de Secundaria y Bachillerato<\/h2><\/div>\n                        <div class=\"sub-heading component \">\n                        <p class=\"body-medium\">Catherine cuenta con m\u00e1s de 19 a\u00f1os de experiencia en la ense\u00f1anza en la educaci\u00f3n secundaria. <br \/>\n<br \/>\nHa trabajado en colegios tanto en el Reino Unido como en Dub\u00e1i, ocupando mandos intermedios y directivos, como Jefa de Lenguas Extranjeras Modernas en el colegio Noel Baker en Derby y como Subdirectora y Vicedirectora en los colegios Sunmarke y Regent International en Dub\u00e1i. Tiene un t\u00edtulo en Estudios Espa\u00f1oles y Europeos y ha completado su NPQSL.<br \/>\n<br \/>\nSu pasi\u00f3n por los idiomas, la cultura y, en particular, su amor por Espa\u00f1a, la han llevado a trasladarse a ELIS Villamart\u00edn. <br \/>\n<br \/>\nEs una firme convencida de que el bienestar mejora positivamente los resultados de aprendizaje de los estudiantes, y el \u00e9xito en el aprendizaje mejora el bienestar de los estudiantes. <\/p>\n                        <\/div><\/div><\/div>\n                    <div class=\"col-lg-6 col-md-6    \"><div class=\"component single-img \"><div class=\"ratio ratio-1x1 callout-img halfcol--img image_overlay_7475\" style=\"background-image: url(https:\/\/elisvillamartin.com\/wp-content\/uploads\/sites\/109\/2023\/11\/Catherine-Hill-20x20-1.jpg);\"><\/div><\/div> <\/div>\n             <\/div>\n        <\/div>\n<\/section>[\/vc_column][\/vc_row][vc_row][vc_column]\n    <section  style='' class=\"section   section--blue   gradient1  \" ><div class=\"container-fluid\"><div class=\"row    \"><div class=\" col-lg-6 col-md-6      \" ><div class=\"component mb-1 mt-0  radius-bottom-LR \" style='px'><div class=\"sub-heading component\"><h2  class=\"h5  \">Jose Antonio Garc\u00eda<\/h2><\/div><\/div><div class=\"component mb-1 mt-0  radius-bottom-LR \" style='px'><div class=\"sub-heading component\"><h2  class=\"h6  \">Business Manager<\/h2><\/div>\n                        <div class=\"sub-heading component \">\n                        <p class=\"body-medium\">Con una licenciatura en Administraci\u00f3n y Direcci\u00f3n de Empresas, comenz\u00f3 a trabajar en El Limonar International Schools en 2008, coincidiendo con la adquisici\u00f3n del colegio por parte del Grupo Cognita. Anteriormente, desempe\u00f1\u00f3 roles en Control y Gesti\u00f3n en diversos sectores, incluyendo construcci\u00f3n, la industria qu\u00edmica y recursos humanos.<br \/>\n<br \/>\nTrabajar en El Limonar International Schools le ha brindado la oportunidad de aprender sobre el sector educativo, un sector de gran importancia en nuestras vidas, y durante estos a\u00f1os ha desarrollado su carrera con gran \u00e9xito y satisfacci\u00f3n.<br \/>\n<br \/>\nJunto con el resto del Equipo Directivo, trabaja sin descanso para lograr mejoras constantes en la oferta del colegio, permitiendo que nuestros estudiantes disfruten de las mejores instalaciones y la tecnolog\u00eda m\u00e1s avanzada en su experiencia educativa. <\/p>\n                        <\/div><\/div><\/div>\n                    <div class=\"col-lg-6 col-md-6    \"><div class=\"component single-img \"><div class=\"ratio ratio-1x1 callout-img halfcol--img image_overlay_9388\" style=\"background-image: url(https:\/\/elisvillamartin.com\/wp-content\/uploads\/sites\/109\/2023\/11\/Jose-Antonio-Garcia-20x20-1.jpg);\"><\/div><\/div> <\/div>\n             <\/div>\n        <\/div>\n<\/section>[\/vc_column][\/vc_row][vc_row css=&#8221;.vc_custom_1694702386168{margin-top: 5px !important;background-image: url(https:\/\/elisvillamartin.com\/wp-content\/uploads\/sites\/109\/2023\/09\/book-a-visit-banner-v3.png?id=69324) !important;background-position: center !important;background-repeat: no-repeat !important;background-size: cover !important;}&#8221; el_class=&#8221;gradient2&#8243;][vc_column]<section  style='' class=\"section   section--blue   \"><div class=\"container-fluid\"><div class=\"row m-0 align-items-center centerText \" >\n                        <div class=\"col-sm-12 col-md-10 col-lg-9 mx-auto\"><div class=\"sub-heading component\"><div class=\"h2 \">Ven a un Open Day<\/div>\n<p>&nbsp;<\/p>\n<p>Descubre lo que una educaci\u00f3n en ELIS Villamart\u00edn tiene que ofrecer<\/p>\n<\/div><div class=\"component link\"><a href=\"\/es\/reservar-una-jornada-de-puertas-abiertas\/\" class=\" btn btn-primary btn-primary--border\">Reserve ahora<\/a><\/div><style>\n                        .flex-button {\n                        margin-top: 25px;\n                    } \n                        \n                    @media (max-width: 767px){\n                     .flex-button {\n                      display: block;\n                      margin-left: 0;\n                    }\n                    .flex-button .text-center{\n                     text-align: left !important;\n                    }\n                    }\n\n\n                        <\/style><\/div><\/div><\/section>[\/vc_column][\/vc_row][vc_row][vc_column]<div class=\"wrapper \" ><section  id=\"your-childs-journey\"  class=\"section container-width   section--blue \" style='background-color:#3c5128;margin-top:80px;'>\n    <div class=\"container-fluid \">\n        <div class=\"row m-0 centerText\">\n            \n<div class=\"col-sm-12 col-md-12 col-lg-10 col-xl-8 mx-auto\">       <div class=\"component\">\n                    <h3 class=\"h5\">Inicia una experiencia de aprendizaje \u00fanica\n                    <\/h3>\n                <\/div>     <\/div><div class=\"col-sm-12 col-md-7 col-lg-6 col-xl-5 mx-auto\">       <div class=\"component mt-3\">\n                    <div class=\"body-large\"><\/p>\n<p style=\"text-align: center;\">Descubre el enriquecedor viaje educativo que espera a tu hijo en las diferentes etapas de El Limonar International School Villamart\u00edn.<\/p>\n<p><\/div>\n                <\/div>        <div class=\"component link\"><div class=\"component link\"><a href=\"\/es\/viaje-educativo-del-alumno\/\" class=\" btn btn-primary btn-primary--border\">El viaje de tu hijo<\/a><\/div><\/div>\n            <\/div>\n        <\/div>\n    <\/div>\n<\/section><section class=\"section cards--section pt-0 container-width  section--blue \" style='background-color:#3c5128;margin-bottom:80px;'>\n                <div class=\"container-fluid \">\n                    <div class=\"row m-0\"><div class=\"col-sm-12 col-md-6 col-lg-6\">\n                            <div class=\"card horizontal--card horizontal--card-sm img--100 mb-3\">\n                                <div class=\"row m-0 g-0\">                         <div class=\"col-5 col-md-5 col-lg-5\">\n                                    <div class=\"thumbnail_img_overlay_1964\"> <img decoding=\"async\" src=\"https:\/\/elisvillamartin.com\/wp-content\/uploads\/sites\/109\/2026\/06\/ELIS-Villamartin-Oct25-199.jpg\" class=\"img-fluid rounded-start\" alt=\"...\"><\/div>\n                                  <\/div>                        <div class=\"col-7 col-md-7 col-lg-7\">\n                                    <div class=\"card-body\">\n                                        <div class=\"component\" data-bs-toggle=\"modal\" data-bs-target=\"#classmodal1720\">\n                                           <a href=\"\" class=\"body-large-bold\">Infantil<\/a>\n                                        <\/div>\n                                        <div class=\"component m-0\"><p class=\"p\">3 - 5 a\u00f1os<\/p><\/div>                              <div class=\"modal-overlay sm--modal link\" data-bs-toggle=\"modal\" data-bs-target=\"#classmodal1720\">\n                                            <button class=\"btn btn-link\" title=\"Student journey popup link\"><i class=\"fa fa-plus\"><\/i><\/button>\n                                        <\/div>                           <\/div>\n                                  <\/div>\n                                <\/div>\n                            <\/div>\n                        <\/div><div class=\"col-sm-12 col-md-6 col-lg-6\">\n                            <div class=\"card horizontal--card horizontal--card-sm img--100 mb-3\">\n                                <div class=\"row m-0 g-0\">                         <div class=\"col-5 col-md-5 col-lg-5\">\n                                    <div class=\"thumbnail_img_overlay_5664\"> <img decoding=\"async\" src=\"https:\/\/elisvillamartin.com\/wp-content\/uploads\/sites\/109\/2026\/06\/ELIS-Villamartin-Oct25-374.jpg\" class=\"img-fluid rounded-start\" alt=\"...\"><\/div>\n                                  <\/div>                        <div class=\"col-7 col-md-7 col-lg-7\">\n                                    <div class=\"card-body\">\n                                        <div class=\"component\" data-bs-toggle=\"modal\" data-bs-target=\"#classmodal4042\">\n                                           <a href=\"\" class=\"body-large-bold\">Primaria<\/a>\n                                        <\/div>\n                                        <div class=\"component m-0\"><p class=\"p\">5 - 11 a\u00f1os<\/p><\/div>                              <div class=\"modal-overlay sm--modal link\" data-bs-toggle=\"modal\" data-bs-target=\"#classmodal4042\">\n                                            <button class=\"btn btn-link\" title=\"Student journey popup link\"><i class=\"fa fa-plus\"><\/i><\/button>\n                                        <\/div>                           <\/div>\n                                  <\/div>\n                                <\/div>\n                            <\/div>\n                        <\/div><div class=\"col-sm-12 col-md-6 col-lg-6\">\n                            <div class=\"card horizontal--card horizontal--card-sm img--100 mb-3\">\n                                <div class=\"row m-0 g-0\">                         <div class=\"col-5 col-md-5 col-lg-5\">\n                                    <div class=\"thumbnail_img_overlay_9933\"> <img decoding=\"async\" src=\"https:\/\/elisvillamartin.com\/wp-content\/uploads\/sites\/109\/2026\/06\/ELIS-Villamartin-Oct25-290.jpg\" class=\"img-fluid rounded-start\" alt=\"...\"><\/div>\n                                  <\/div>                        <div class=\"col-7 col-md-7 col-lg-7\">\n                                    <div class=\"card-body\">\n                                        <div class=\"component\" data-bs-toggle=\"modal\" data-bs-target=\"#classmodal3517\">\n                                           <a href=\"\" class=\"body-large-bold\">Secundaria<\/a>\n                                        <\/div>\n                                        <div class=\"component m-0\"><p class=\"p\">11 - 16 a\u00f1os<\/p><\/div>                              <div class=\"modal-overlay sm--modal link\" data-bs-toggle=\"modal\" data-bs-target=\"#classmodal3517\">\n                                            <button class=\"btn btn-link\" title=\"Student journey popup link\"><i class=\"fa fa-plus\"><\/i><\/button>\n                                        <\/div>                           <\/div>\n                                  <\/div>\n                                <\/div>\n                            <\/div>\n                        <\/div><div class=\"col-sm-12 col-md-6 col-lg-6\">\n                            <div class=\"card horizontal--card horizontal--card-sm img--100 mb-3\">\n                                <div class=\"row m-0 g-0\">                         <div class=\"col-5 col-md-5 col-lg-5\">\n                                    <div class=\"thumbnail_img_overlay_9128\"> <img decoding=\"async\" src=\"https:\/\/elisvillamartin.com\/wp-content\/uploads\/sites\/109\/2026\/06\/ELIS-Villamartin-Oct25-338-1.jpg\" class=\"img-fluid rounded-start\" alt=\"...\"><\/div>\n                                  <\/div>                        <div class=\"col-7 col-md-7 col-lg-7\">\n                                    <div class=\"card-body\">\n                                        <div class=\"component\" data-bs-toggle=\"modal\" data-bs-target=\"#classmodal5309\">\n                                           <a href=\"\" class=\"body-large-bold\">Bachillerato<\/a>\n                                        <\/div>\n                                        <div class=\"component m-0\"><p class=\"p\">16 - 18 a\u00f1os<\/p><\/div>                              <div class=\"modal-overlay sm--modal link\" data-bs-toggle=\"modal\" data-bs-target=\"#classmodal5309\">\n                                            <button class=\"btn btn-link\" title=\"Student journey popup link\"><i class=\"fa fa-plus\"><\/i><\/button>\n                                        <\/div>                           <\/div>\n                                  <\/div>\n                                <\/div>\n                            <\/div>\n                        <\/div>          <\/div>\n                <\/div>\n            <\/section><\/div><div class=\"modal fade booking-modal extra--padding mob-P-0 show\" id=\"classmodal1720\" data-bs-backdrop=\"static\" data-bs-keyboard=\"false\" tabindex=\"-1\" aria-labelledby=\"staticBackdropLabel\" style=\"display: none;\" aria-modal=\"true\" role=\"dialog\">\n                                    <div class=\"modal-dialog modal-lg\">\n                                    <div class=\"modal-content section--white\">\n                                        <div class=\"modal-body\">\n                                            <button type=\"button\" class=\"btn-close\" data-bs-dismiss=\"modal\" aria-label=\"Close\"><i class=\"fa fa-times\"><\/i><\/button>\n                                            <div class=\"row m-0\">\n                                                <div class=\"col-md-6 col-lg-6 order-2 order-md-1 px-3 px-md-0 pt-4 pt-md-0\">\n                                                    <div class=\"col-md-12 col-lg-12\">\n                                                        <div class=\"component link\"><a href=\"\/es\/infantil\/\" class=\"highlights__link btn btn-link\">Infantil<\/a>                  <\/div>\n                                                        <div class=\"sub-heading component mt-0\">                <p class=\"body-small\">3 - 5 a\u00f1os<\/p>               <\/div>\n                                                    <\/div>           <div class=\"component list p-0\">\n                                                        <ul class=\"\">                       <li>Descubre nuestro curr\u00edculo dise\u00f1ado para ni\u00f1os de 3 a 5 a\u00f1os, que ofrece la base ideal para su itinerario educativo. <\/li>                       <li>Nuestras instalaciones proporcionan un ambiente acogedor, con personal altamente cualificado que garantiza una transici\u00f3n fluida desde la guarder\u00eda al colegio y un aprendizaje integral en siete \u00e1reas esenciales. <\/li>        <\/ul>\n                                                    <\/div>\n                                                    <div class=\"component link pt-3\">           <a class=\"btn btn-primary btn-primary--border\" href=\"\/es\/infantil\/\">Descubre m\u00e1s<\/a>           <\/div>\n                                                <\/div>\n                                                <div class=\"col-md-6 col-lg-6 order-1 order-md-2 p-0 p-md-3\">\n                                                    <div class=\"img-sec\">\n                                                        <div class=\"component\">\n                                                            <div class=\"modal_image_ite2588 callout-img map--img leftBottom-content\" style=\"background-image: url(https:\/\/elisvillamartin.com\/wp-content\/uploads\/sites\/109\/2026\/06\/ELIS-Villamartin-Oct25-199.jpg);background-position:center;\">\n                                                            <\/div>\n                                                            <\/div>\n                                                        <\/div>\n                                                        \n                                                    <\/div>\n                                                <\/div>\n                                            <\/div>\n\n                                            \n                                        <\/div>\n                                    <\/div>\n                                    <\/div><div class=\"modal fade booking-modal extra--padding mob-P-0 show\" id=\"classmodal4042\" data-bs-backdrop=\"static\" data-bs-keyboard=\"false\" tabindex=\"-1\" aria-labelledby=\"staticBackdropLabel\" style=\"display: none;\" aria-modal=\"true\" role=\"dialog\">\n                                    <div class=\"modal-dialog modal-lg\">\n                                    <div class=\"modal-content section--white\">\n                                        <div class=\"modal-body\">\n                                            <button type=\"button\" class=\"btn-close\" data-bs-dismiss=\"modal\" aria-label=\"Close\"><i class=\"fa fa-times\"><\/i><\/button>\n                                            <div class=\"row m-0\">\n                                                <div class=\"col-md-6 col-lg-6 order-2 order-md-1 px-3 px-md-0 pt-4 pt-md-0\">\n                                                    <div class=\"col-md-12 col-lg-12\">\n                                                        <div class=\"component link\"><a href=\"\/es\/primaria\/\" class=\"highlights__link btn btn-link\">Primaria<\/a>                  <\/div>\n                                                        <div class=\"sub-heading component mt-0\">                <p class=\"body-small\">5 - 11 a\u00f1os<\/p>               <\/div>\n                                                    <\/div>           <div class=\"component list p-0\">\n                                                        <ul class=\"\">                       <li>Una educaci\u00f3n hol\u00edstica que prepara a los ni\u00f1os de 5 a 11 a\u00f1os para un crecimiento y aprendizaje continuos a lo largo de su vida. <\/li>                       <li>Nuestro curr\u00edculo combina lo mejor de la educaci\u00f3n brit\u00e1nica y espa\u00f1ola, ofreciendo un tercer idioma y un programa de tutor\u00eda individualizada. <\/li>        <\/ul>\n                                                    <\/div>\n                                                    <div class=\"component link pt-3\">           <a class=\"btn btn-primary btn-primary--border\" href=\"\/es\/primaria\/\">Descubre m\u00e1s<\/a>           <\/div>\n                                                <\/div>\n                                                <div class=\"col-md-6 col-lg-6 order-1 order-md-2 p-0 p-md-3\">\n                                                    <div class=\"img-sec\">\n                                                        <div class=\"component\">\n                                                            <div class=\"modal_image_ite4510 callout-img map--img leftBottom-content\" style=\"background-image: url(https:\/\/elisvillamartin.com\/wp-content\/uploads\/sites\/109\/2026\/06\/ELIS-Villamartin-Oct25-374.jpg);background-position:center;\">\n                                                            <\/div>\n                                                            <\/div>\n                                                        <\/div>\n                                                        \n                                                    <\/div>\n                                                <\/div>\n                                            <\/div>\n\n                                            \n                                        <\/div>\n                                    <\/div>\n                                    <\/div><div class=\"modal fade booking-modal extra--padding mob-P-0 show\" id=\"classmodal3517\" data-bs-backdrop=\"static\" data-bs-keyboard=\"false\" tabindex=\"-1\" aria-labelledby=\"staticBackdropLabel\" style=\"display: none;\" aria-modal=\"true\" role=\"dialog\">\n                                    <div class=\"modal-dialog modal-lg\">\n                                    <div class=\"modal-content section--white\">\n                                        <div class=\"modal-body\">\n                                            <button type=\"button\" class=\"btn-close\" data-bs-dismiss=\"modal\" aria-label=\"Close\"><i class=\"fa fa-times\"><\/i><\/button>\n                                            <div class=\"row m-0\">\n                                                <div class=\"col-md-6 col-lg-6 order-2 order-md-1 px-3 px-md-0 pt-4 pt-md-0\">\n                                                    <div class=\"col-md-12 col-lg-12\">\n                                                        <div class=\"component link\"><a href=\"\/es\/secundaria\/\" class=\"highlights__link btn btn-link\">Secundaria<\/a>                  <\/div>\n                                                        <div class=\"sub-heading component mt-0\">                <p class=\"body-small\">11 - 16 a\u00f1os<\/p>               <\/div>\n                                                    <\/div>           <div class=\"component list p-0\">\n                                                        <ul class=\"\">                       <li>Nuestro curr\u00edculo de Secundaria prepara a los estudiantes para ex\u00e1menes internacionales externos y rigurosos mejorando sus habilidades en diferentes materias. <\/li>                       <li>Nuestro compromiso con la excelencia se ve reflejado en nuestras instalaciones de primer nivel, que mejoran el aprendizaje y potencian la preparaci\u00f3n de los alumnos para el futuro. <\/li>        <\/ul>\n                                                    <\/div>\n                                                    <div class=\"component link pt-3\">           <a class=\"btn btn-primary btn-primary--border\" href=\"\/es\/secundaria\/\">Descubre m\u00e1s<\/a>           <\/div>\n                                                <\/div>\n                                                <div class=\"col-md-6 col-lg-6 order-1 order-md-2 p-0 p-md-3\">\n                                                    <div class=\"img-sec\">\n                                                        <div class=\"component\">\n                                                            <div class=\"modal_image_ite3431 callout-img map--img leftBottom-content\" style=\"background-image: url(https:\/\/elisvillamartin.com\/wp-content\/uploads\/sites\/109\/2026\/06\/ELIS-Villamartin-Oct25-290.jpg);background-position:center;\">\n                                                            <\/div>\n                                                            <\/div>\n                                                        <\/div>\n                                                        \n                                                    <\/div>\n                                                <\/div>\n                                            <\/div>\n\n                                            \n                                        <\/div>\n                                    <\/div>\n                                    <\/div><div class=\"modal fade booking-modal extra--padding mob-P-0 show\" id=\"classmodal5309\" data-bs-backdrop=\"static\" data-bs-keyboard=\"false\" tabindex=\"-1\" aria-labelledby=\"staticBackdropLabel\" style=\"display: none;\" aria-modal=\"true\" role=\"dialog\">\n                                    <div class=\"modal-dialog modal-lg\">\n                                    <div class=\"modal-content section--white\">\n                                        <div class=\"modal-body\">\n                                            <button type=\"button\" class=\"btn-close\" data-bs-dismiss=\"modal\" aria-label=\"Close\"><i class=\"fa fa-times\"><\/i><\/button>\n                                            <div class=\"row m-0\">\n                                                <div class=\"col-md-6 col-lg-6 order-2 order-md-1 px-3 px-md-0 pt-4 pt-md-0\">\n                                                    <div class=\"col-md-12 col-lg-12\">\n                                                        <div class=\"component link\"><a href=\"\/es\/bachillerato\/\" class=\"highlights__link btn btn-link\">Bachillerato<\/a>                  <\/div>\n                                                        <div class=\"sub-heading component mt-0\">                <p class=\"body-small\">16 - 18 a\u00f1os<\/p>               <\/div>\n                                                    <\/div>           <div class=\"component list p-0\">\n                                                        <ul class=\"\">                       <li>ELIS Villamart\u00edn prepara a los estudiantes para acceder a universidades del Reino Unido, Espa\u00f1a o internacionales mediante un programa \u00fanico de orientaci\u00f3n vocacional. <\/li>                       <li>Nuestro Bachillerato combina A-Levels Internacionales y Bachillerato espa\u00f1ol, junto con un apoyo personalizado que incluye tutor\u00edas, intercambios, viajes y programas de preparaci\u00f3n para la universidad. <\/li>        <\/ul>\n                                                    <\/div>\n                                                    <div class=\"component link pt-3\">           <a class=\"btn btn-primary btn-primary--border\" href=\"\/es\/bachillerato\/\">Descubre m\u00e1s<\/a>           <\/div>\n                                                <\/div>\n                                                <div class=\"col-md-6 col-lg-6 order-1 order-md-2 p-0 p-md-3\">\n                                                    <div class=\"img-sec\">\n                                                        <div class=\"component\">\n                                                            <div class=\"modal_image_ite7786 callout-img map--img leftBottom-content\" style=\"background-image: url(https:\/\/elisvillamartin.com\/wp-content\/uploads\/sites\/109\/2026\/06\/ELIS-Villamartin-Oct25-338-1.jpg);background-position:center;\">\n                                                            <\/div>\n                                                            <\/div>\n                                                        <\/div>\n                                                        \n                                                    <\/div>\n                                                <\/div>\n                                            <\/div>\n\n                                            \n                                        <\/div>\n                                    <\/div>\n                                    <\/div>[\/vc_column][\/vc_row][vc_row][vc_column]<section  style='background-color:#f3f4f2;' class=\"section  light-color section--white pb-0  \"><div class=\"container-fluid\"><div class=\"row m-0 align-items-center centerText \" >\n                        <div class=\"col-sm-12 col-md-10 col-lg-9 mx-auto\"><div class=\"sub-heading component\">\n                                        <h2 class=\"h5\">Te puede interesar<\/h2>\n                                    <\/div><div class=\"sub-heading component\"><\/div><style>\n                        .flex-button {\n                        margin-top: 25px;\n                    } \n                        \n                    @media (max-width: 767px){\n                     .flex-button {\n                      display: block;\n                      margin-left: 0;\n                    }\n                    .flex-button .text-center{\n                     text-align: left !important;\n                    }\n                    }\n\n\n                        <\/style><\/div><\/div><\/section><section  class=\"section    pt-0  section--blue\" style='background-color:#f3f4f2;'><div class=\"container-fluid section--blue\" style='background-color:#f3f4f2'><style>\n            .background-box .heading .h5:after {\n                display:none;\n            }\n            <\/style><div class=\"row m-0 justify-content-center pt-3 pt-md-3\"><style>\n                .thumbnail_img_overlay_8312 .callout-img.halfcol--img .img-overlay {\n                    background: rgba(0,0,0,0.5);\n                    \n                }\n\n                .thumbnail_img_overlay_8312 .tech-images .callout-img.halfcol--img {\n                    background: rgba(0,0,0,0.5);\n                    \n                }\n\n                <\/style><style>\n                .thumbnail_img_overlay_8312 .heading .h5 {\n                    background: rgba(106,157,65,0.5);\n                    \n                }\n\n            \n\n                <\/style><style>\n                .thumbnail_img_overlay_8312 .heading .h5 a {\n                    font-size: 25px;\n                    line-height:25px;\n                    \n                }\n\n                .thumbnail_img_overlay_8312 .heading .h5 {\n                    font-size: 25px;\n                    line-height: 25px;\n                    \n                }\n               \n                <\/style><style>\n                .thumbnail_img_overlay_8312 .heading .h5 a {\n                    color: #ffffffpx;\n                    \n                }\n\n                .thumbnail_img_overlay_8312 .heading .h5 {\n                    color: #ffffffpx;\n                    \n                }\n               \n                <\/style><div class=\"col-lg-3 col-md-3 col-sm-3 mb-3 pb-2\">\n                            <div class=\"card card--white tech-images next-steps-module  thumbnail_img_overlay_8312\">   <a class=\"\" href = \"\/es\/excelencia-academica\/\" ><div class=\"ratio ratio-21x9 callout-img halfcol--img leftBottom-content\" style=\"background-image: url(https:\/\/elisvillamartin.com\/wp-content\/uploads\/sites\/109\/2023\/08\/ELIS-Villarmartin-182.jpg);background-position:center;\">\n                                 \n                                 <div class=\"img-overlay \">\n                                 \n                                     <div class=\"heading component\">\n                                        <h5 class=\"h5\" >Excelencia Acad\u00e9mica<\/h5>\n                                     <\/div>\n                                   \n                                \n                             <\/div>\n                                 \n                                 <\/div><\/a>\n                            <\/div>\n                        <\/div><style>\n                .thumbnail_img_overlay_6255 .callout-img.halfcol--img .img-overlay {\n                    background: rgba(0,0,0,0.5);\n                    \n                }\n\n                .thumbnail_img_overlay_6255 .tech-images .callout-img.halfcol--img {\n                    background: rgba(0,0,0,0.5);\n                    \n                }\n\n                <\/style><style>\n                .thumbnail_img_overlay_6255 .heading .h5 {\n                    background: rgba(106,157,65,0.5);\n                    \n                }\n\n            \n\n                <\/style><style>\n                .thumbnail_img_overlay_6255 .heading .h5 a {\n                    font-size: 25px;\n                    line-height:25px;\n                    \n                }\n\n                .thumbnail_img_overlay_6255 .heading .h5 {\n                    font-size: 25px;\n                    line-height: 25px;\n                    \n                }\n               \n                <\/style><style>\n                .thumbnail_img_overlay_6255 .heading .h5 a {\n                    color: #ffffffpx;\n                    \n                }\n\n                .thumbnail_img_overlay_6255 .heading .h5 {\n                    color: #ffffffpx;\n                    \n                }\n               \n                <\/style><div class=\"col-lg-3 col-md-3 col-sm-3 mb-3 pb-2\">\n                            <div class=\"card card--white tech-images next-steps-module  thumbnail_img_overlay_6255\">   <a class=\"\" href = \"\/es\/instalaciones-y-localizacion\" ><div class=\"ratio ratio-21x9 callout-img halfcol--img leftBottom-content\" style=\"background-image: url(https:\/\/elisvillamartin.com\/wp-content\/uploads\/sites\/109\/2023\/08\/ELIS-Villarmartin-299.jpg);background-position:center;\">\n                                 \n                                 <div class=\"img-overlay \">\n                                 \n                                     <div class=\"heading component\">\n                                        <h5 class=\"h5\" >Instalaciones y Localizaci\u00f3n<\/h5>\n                                     <\/div>\n                                   \n                                \n                             <\/div>\n                                 \n                                 <\/div><\/a>\n                            <\/div>\n                        <\/div><style>\n                .thumbnail_img_overlay_7203 .callout-img.halfcol--img .img-overlay {\n                    background: rgba(0,0,0,0.5);\n                    \n                }\n\n                .thumbnail_img_overlay_7203 .tech-images .callout-img.halfcol--img {\n                    background: rgba(0,0,0,0.5);\n                    \n                }\n\n                <\/style><style>\n                .thumbnail_img_overlay_7203 .heading .h5 {\n                    background: rgba(106,157,65,0.5);\n                    \n                }\n\n            \n\n                <\/style><style>\n                .thumbnail_img_overlay_7203 .heading .h5 a {\n                    font-size: 25px;\n                    line-height:25px;\n                    \n                }\n\n                .thumbnail_img_overlay_7203 .heading .h5 {\n                    font-size: 25px;\n                    line-height: 25px;\n                    \n                }\n               \n                <\/style><style>\n                .thumbnail_img_overlay_7203 .heading .h5 a {\n                    color: #ffffffpx;\n                    \n                }\n\n                .thumbnail_img_overlay_7203 .heading .h5 {\n                    color: #ffffffpx;\n                    \n                }\n               \n                <\/style><div class=\"col-lg-3 col-md-3 col-sm-3 mb-3 pb-2\">\n                            <div class=\"card card--white tech-images next-steps-module  thumbnail_img_overlay_7203\">   <a class=\"\" href = \"\/es\/proceso-de-admision\/\" ><div class=\"ratio ratio-21x9 callout-img halfcol--img leftBottom-content\" style=\"background-image: url(https:\/\/elisvillamartin.com\/wp-content\/uploads\/sites\/109\/2026\/06\/ELIS-Villamartin-Oct25-9.jpg);background-position:center;\">\n                                 \n                                 <div class=\"img-overlay \">\n                                 \n                                     <div class=\"heading component\">\n                                        <h5 class=\"h5\" >Proceso de Admisi\u00f3n<\/h5>\n                                     <\/div>\n                                   \n                                \n                             <\/div>\n                                 \n                                 <\/div><\/a>\n                            <\/div>\n                        <\/div><style>\n                .thumbnail_img_overlay_2459 .callout-img.halfcol--img .img-overlay {\n                    background: rgba(0,0,0,0.5);\n                    \n                }\n\n                .thumbnail_img_overlay_2459 .tech-images .callout-img.halfcol--img {\n                    background: rgba(0,0,0,0.5);\n                    \n                }\n\n                <\/style><style>\n                .thumbnail_img_overlay_2459 .heading .h5 {\n                    background: rgba(106,157,65,0.5);\n                    \n                }\n\n            \n\n                <\/style><style>\n                .thumbnail_img_overlay_2459 .heading .h5 a {\n                    font-size: 25px;\n                    line-height:25px;\n                    \n                }\n\n                .thumbnail_img_overlay_2459 .heading .h5 {\n                    font-size: 25px;\n                    line-height: 25px;\n                    \n                }\n               \n                <\/style><style>\n                .thumbnail_img_overlay_2459 .heading .h5 a {\n                    color: #ffffffpx;\n                    \n                }\n\n                .thumbnail_img_overlay_2459 .heading .h5 {\n                    color: #ffffffpx;\n                    \n                }\n               \n                <\/style><div class=\"col-lg-3 col-md-3 col-sm-3 mb-3 pb-2\">\n                            <div class=\"card card--white tech-images next-steps-module  thumbnail_img_overlay_2459\">   <a class=\"\" href = \"\/es\/puertas-abiertas-y-visitas\/\" ><div class=\"ratio ratio-21x9 callout-img halfcol--img leftBottom-content\" style=\"background-image: url(https:\/\/elisvillamartin.com\/wp-content\/uploads\/sites\/109\/2023\/08\/ELIS-Villarmartin-047.jpg);background-position:center;\">\n                                 \n                                 <div class=\"img-overlay \">\n                                 \n                                     <div class=\"heading component\">\n                                        <h5 class=\"h5\" >Puertas Abiertas y Visitas<\/h5>\n                                     <\/div>\n                                   \n                                \n                             <\/div>\n                                 \n                                 <\/div><\/a>\n                            <\/div>\n                        <\/div><\/div><\/div>\n            <\/section>[\/vc_column][\/vc_row][vc_row css=&#8221;.vc_custom_1694166801591{background-image: url(https:\/\/elisvillamartin.com\/wp-content\/uploads\/sites\/109\/2023\/09\/prospectus-leaf.png?id=69327) !important;background-position: center !important;background-repeat: no-repeat !important;background-size: cover !important;}&#8221;][vc_column]<section  style='' class=\"section   section--white   \"><div class=\"container-fluid\"><div class=\"row m-0 align-items-center centerText \" >\n                        <div class=\"col-sm-12 col-md-10 col-lg-9 mx-auto\"><div class=\"sub-heading component\">\n                                        <h2 class=\"h5\">Descubre m\u00e1s sobre ELIS Villamart\u00edn<\/h2>\n                                    <\/div><div class=\"sub-heading component\"><\/div><div class=\"component link\"><a href=\"\/es\/descarga-nuestro-catalogo\/\" class=\" btn btn-primary btn-primary--border\">Solicita nuestro Cat\u00e1logo<\/a><\/div><style>\n                        .flex-button {\n                        margin-top: 25px;\n                    } \n                        \n                    @media (max-width: 767px){\n                     .flex-button {\n                      display: block;\n                      margin-left: 0;\n                    }\n                    .flex-button .text-center{\n                     text-align: left !important;\n                    }\n                    }\n\n\n                        <\/style><\/div><\/div><\/section>[\/vc_column][\/vc_row][vc_row][vc_column]<section class=\"section section--blue bottom-step TopBottomBorder   \" style=\"background-image: url('https:\/\/elisvillamartin.com\/wp-content\/uploads\/sites\/109\/2023\/08\/ELIS-Villarmartin-301.jpg');;background-position-y:75%;;\"><style>.bottom-step.section--blue:before {background: rgba(106,157,65,0.8);}<\/style><div class=\"container-fluid\"><div class=\"row\"><div class=\"col-sm-12\"><div class=\"component title\"><p class=\"body-small\">Ponte en Contacto<\/p><\/div><\/div><\/div><div class=\"row\"><div class=\"col-md-4\"><div class=\"component linkcard \">\n                                <a class=\"card card--bordered\" href=\"\/es\/haz-una-consulta\/\">\n                                    <div class=\"card-body d-flex align-items-center\">\n                                    <div> <div class=\"component link\">\n                                            <div  class=\"btn btn-link simple-link h5\">Haz una Consulta<\/div>\n                                        <\/div><\/div><\/div><\/a><\/div><\/div><div class=\"col-md-4\"><div class=\"component linkcard \">\n                                <a class=\"card card--bordered\" href=\"\/es\/solicita-una-visita-privada\/\">\n                                    <div class=\"card-body d-flex align-items-center\">\n                                    <div> <div class=\"component link\">\n                                            <div  class=\"btn btn-link simple-link h5\">Solicita una visita privada<\/div>\n                                        <\/div><\/div><\/div><\/a><\/div><\/div><div class=\"col-md-4\"><div class=\"component linkcard \">\n                                <a class=\"card card--bordered\" href=\"\/es\/reservar-una-jornada-de-puertas-abiertas\/\">\n                                    <div class=\"card-body d-flex align-items-center\">\n                                    <div> <div class=\"component link\">\n                                            <div  class=\"btn btn-link simple-link h5\">Ven a un D\u00eda de Puertas Abiertas<\/div>\n                                        <\/div><\/div><\/div><\/a><\/div><\/div><\/div><\/section>[\/vc_column][\/vc_row]<\/p>\n<\/div>","protected":false},"excerpt":{"rendered":"<p>[vc_row][vc_column][\/vc_column][\/vc_row][vc_row][vc_column][\/vc_column][\/vc_row][vc_row][vc_column][\/vc_column][\/vc_row][vc_row][vc_column][\/vc_column][\/vc_row][vc_row][vc_column][\/vc_column][\/vc_row][vc_row][vc_column][\/vc_column][\/vc_row][vc_row][vc_column][\/vc_column][\/vc_row][vc_row css=&#8221;.vc_custom_1694702386168{margin-top: 5px !important;background-image: url(https:\/\/elisvillamartin.com\/wp-content\/uploads\/sites\/109\/2023\/09\/book-a-visit-banner-v3.png?id=69324) !important;background-position: center !important;background-repeat: no-repeat !important;background-size: cover !important;}&#8221; el_class=&#8221;gradient2&#8243;][vc_column][\/vc_column][\/vc_row][vc_row][vc_column][\/vc_column][\/vc_row][vc_row][vc_column][\/vc_column][\/vc_row][vc_row css=&#8221;.vc_custom_1694166801591{background-image: url(https:\/\/elisvillamartin.com\/wp-content\/uploads\/sites\/109\/2023\/09\/prospectus-leaf.png?id=69327) !important;background-position: center !important;background-repeat: no-repeat !important;background-size: cover !important;}&#8221;][vc_column][\/vc_column][\/vc_row][vc_row][vc_column][\/vc_column][\/vc_row]<\/p>\n","protected":false},"author":457,"featured_media":0,"parent":0,"menu_order":0,"comment_status":"closed","ping_status":"closed","template":"","meta":{"_acf_changed":false,"footnotes":""},"class_list":["post-71277","page","type-page","status-publish","hentry"],"acf":[],"yoast_head":"<!-- This site is optimized with the Yoast SEO plugin v28.3 - https:\/\/yoast.com\/product\/yoast-seo-wordpress\/ -->\n<title>Nuestro Equipo - El Limonar International School Villamart\u00edn<\/title>\n<meta name=\"description\" content=\"ELIS Villamart\u00edn encarna una comunidad de aprendizaje enriquecedora, liderada por un equipo de profesionales dedicados y apasionados\" \/>\n<meta name=\"robots\" content=\"index, follow, max-snippet:-1, max-image-preview:large, max-video-preview:-1\" \/>\n<link rel=\"canonical\" href=\"https:\/\/elisvillamartin.com\/es\/nuestro-equipo\/\" \/>\n<meta property=\"og:locale\" content=\"es_ES\" \/>\n<meta property=\"og:type\" content=\"article\" \/>\n<meta property=\"og:title\" content=\"Nuestro Equipo - El Limonar International School Villamart\u00edn\" \/>\n<meta property=\"og:description\" content=\"ELIS Villamart\u00edn encarna una comunidad de aprendizaje enriquecedora, liderada por un equipo de profesionales dedicados y apasionados\" \/>\n<meta property=\"og:url\" content=\"https:\/\/elisvillamartin.com\/es\/nuestro-equipo\/\" \/>\n<meta property=\"og:site_name\" content=\"El Limonar International School Villamart\u00edn\" \/>\n<meta property=\"article:publisher\" content=\"https:\/\/www.facebook.com\/ElLimonarInternationalSchoolVillamartin\/\" \/>\n<meta property=\"article:modified_time\" content=\"2026-08-25T10:04:13+00:00\" \/>\n<meta property=\"og:image\" content=\"https:\/\/elisvillamartin.com\/wp-content\/uploads\/sites\/109\/2024\/11\/LOGO-ELIS-VILLAMARTIN-COLOR.jpg\" \/>\n\t<meta property=\"og:image:width\" content=\"1240\" \/>\n\t<meta property=\"og:image:height\" content=\"575\" \/>\n\t<meta property=\"og:image:type\" content=\"image\/jpeg\" \/>\n<meta name=\"twitter:card\" content=\"summary_large_image\" \/>\n<meta name=\"twitter:label1\" content=\"Tiempo de lectura\" \/>\n\t<meta name=\"twitter:data1\" content=\"1 minuto\" \/>\n<!-- \/ Yoast SEO plugin. -->","yoast_head_json":{"title":"Nuestro Equipo - El Limonar International School Villamart\u00edn","description":"ELIS Villamart\u00edn encarna una comunidad de aprendizaje enriquecedora, liderada por un equipo de profesionales dedicados y apasionados","robots":{"index":"index","follow":"follow","max-snippet":"max-snippet:-1","max-image-preview":"max-image-preview:large","max-video-preview":"max-video-preview:-1"},"canonical":"https:\/\/elisvillamartin.com\/es\/nuestro-equipo\/","og_locale":"es_ES","og_type":"article","og_title":"Nuestro Equipo - El Limonar International School Villamart\u00edn","og_description":"ELIS Villamart\u00edn encarna una comunidad de aprendizaje enriquecedora, liderada por un equipo de profesionales dedicados y apasionados","og_url":"https:\/\/elisvillamartin.com\/es\/nuestro-equipo\/","og_site_name":"El Limonar International School Villamart\u00edn","article_publisher":"https:\/\/www.facebook.com\/ElLimonarInternationalSchoolVillamartin\/","article_modified_time":"2026-08-25T10:04:13+00:00","og_image":[{"width":1240,"height":575,"url":"https:\/\/elisvillamartin.com\/wp-content\/uploads\/sites\/109\/2024\/11\/LOGO-ELIS-VILLAMARTIN-COLOR.jpg","type":"image\/jpeg"}],"twitter_card":"summary_large_image","twitter_misc":{"Tiempo de lectura":"1 minuto"},"schema":{"@context":"https:\/\/schema.org","@graph":[{"@type":"WebPage","@id":"https:\/\/elisvillamartin.com\/es\/nuestro-equipo\/","url":"https:\/\/elisvillamartin.com\/es\/nuestro-equipo\/","name":"Nuestro Equipo - El Limonar International School Villamart\u00edn","isPartOf":{"@id":"https:\/\/elisvillamartin.com\/es\/#website"},"datePublished":"2023-10-13T10:45:35+00:00","dateModified":"2026-08-25T10:04:13+00:00","description":"ELIS Villamart\u00edn encarna una comunidad de aprendizaje enriquecedora, liderada por un equipo de profesionales dedicados y apasionados","breadcrumb":{"@id":"https:\/\/elisvillamartin.com\/es\/nuestro-equipo\/#breadcrumb"},"inLanguage":"es","potentialAction":[{"@type":"ReadAction","target":["https:\/\/elisvillamartin.com\/es\/nuestro-equipo\/"]}]},{"@type":"BreadcrumbList","@id":"https:\/\/elisvillamartin.com\/es\/nuestro-equipo\/#breadcrumb","itemListElement":[{"@type":"ListItem","position":1,"name":"Home","item":"https:\/\/elisvillamartin.com\/es\/"},{"@type":"ListItem","position":2,"name":"Nuestro Equipo"}]},{"@type":"WebSite","@id":"https:\/\/elisvillamartin.com\/es\/#website","url":"https:\/\/elisvillamartin.com\/es\/","name":"El Limonar International School Villamart\u00edn","description":"ELIS Villamart\u00edn is part of the Cognita Schools Group","publisher":{"@id":"https:\/\/elisvillamartin.com\/es\/#organization"},"alternateName":"ELIS Villamartin","potentialAction":[{"@type":"SearchAction","target":{"@type":"EntryPoint","urlTemplate":"https:\/\/elisvillamartin.com\/es\/?s={search_term_string}"},"query-input":{"@type":"PropertyValueSpecification","valueRequired":true,"valueName":"search_term_string"}}],"inLanguage":"es"},{"@type":"Organization","@id":"https:\/\/elisvillamartin.com\/es\/#organization","name":"ELIS Villamart\u00edn","alternateName":"ELIS Villamart\u00edn","url":"https:\/\/elisvillamartin.com\/es\/","logo":{"@type":"ImageObject","inLanguage":"es","@id":"https:\/\/elisvillamartin.com\/es\/#\/schema\/logo\/image\/","url":"https:\/\/elisvillamartin.com\/wp-content\/uploads\/sites\/109\/2024\/11\/LOGO-ELIS-VILLAMARTIN-COLOR.jpg","contentUrl":"https:\/\/elisvillamartin.com\/wp-content\/uploads\/sites\/109\/2024\/11\/LOGO-ELIS-VILLAMARTIN-COLOR.jpg","width":1240,"height":575,"caption":"ELIS Villamart\u00edn"},"image":{"@id":"https:\/\/elisvillamartin.com\/es\/#\/schema\/logo\/image\/"},"sameAs":["https:\/\/www.facebook.com\/ElLimonarInternationalSchoolVillamartin\/","https:\/\/www.instagram.com\/elis.villamartin"]}]}},"jetpack_sharing_enabled":true,"_links":{"self":[{"href":"https:\/\/elisvillamartin.com\/es\/wp-json\/wp\/v2\/pages\/71277","targetHints":{"allow":["GET"]}}],"collection":[{"href":"https:\/\/elisvillamartin.com\/es\/wp-json\/wp\/v2\/pages"}],"about":[{"href":"https:\/\/elisvillamartin.com\/es\/wp-json\/wp\/v2\/types\/page"}],"author":[{"embeddable":true,"href":"https:\/\/elisvillamartin.com\/es\/wp-json\/wp\/v2\/users\/457"}],"replies":[{"embeddable":true,"href":"https:\/\/elisvillamartin.com\/es\/wp-json\/wp\/v2\/comments?post=71277"}],"version-history":[{"count":16,"href":"https:\/\/elisvillamartin.com\/es\/wp-json\/wp\/v2\/pages\/71277\/revisions"}],"predecessor-version":[{"id":74692,"href":"https:\/\/elisvillamartin.com\/es\/wp-json\/wp\/v2\/pages\/71277\/revisions\/74692"}],"wp:attachment":[{"href":"https:\/\/elisvillamartin.com\/es\/wp-json\/wp\/v2\/media?parent=71277"}],"curies":[{"name":"wp","href":"https:\/\/api.w.org\/{rel}","templated":true}]}}